{"id":5385,"date":"2025-09-24T12:57:13","date_gmt":"2025-09-24T15:57:13","guid":{"rendered":"https:\/\/www.ilposto.cl\/colaborador\/gaston-carreno\/"},"modified":"2025-11-26T10:44:30","modified_gmt":"2025-11-26T13:44:30","slug":"gaston-carreno","status":"publish","type":"colaborador","link":"https:\/\/www.ilposto.cl\/en\/colaborador\/gaston-carreno\/","title":{"rendered":"Gast\u00f3n Carre\u00f1o"},"content":{"rendered":"","protected":false},"excerpt":{"rendered":"<p>Gast\u00f3n Carre\u00f1o holds a PhD (2014) and a Master&#8217;s degree (2007) in Latin American Studies and a degree in Social Anthropology (2002) from the University of Chile. His main areas of research include studies in photography and film on indigenous peoples, as well as studies on coastal groups and whaling. He has worked as an undergraduate and graduate academic at various universities in Chile and abroad (Uruguay, Ecuador, Mexico, and Cuba). He also served as coordinator of the Center for Visual Anthropology Studies (2012-2018) and director of the Journal of Visual Anthropology (2000-2025). He currently works as a researcher at the Diego Barros Arana Research Center, National Library.<\/p>\n","protected":false},"featured_media":0,"template":"","meta":{"_acf_changed":false},"class_list":["post-5385","colaborador","type-colaborador","status-publish","hentry"],"acf":[],"yoast_head":"<!-- This site is optimized with the Yoast SEO plugin v26.1.1 - https:\/\/yoast.com\/wordpress\/plugins\/seo\/ -->\n<title>Gast\u00f3n Carre\u00f1o - IL Posto<\/title>\n<meta name=\"robots\" content=\"index, follow, max-snippet:-1, max-image-preview:large, max-video-preview:-1\" \/>\n<link rel=\"canonical\" href=\"https:\/\/www.ilposto.cl\/en\/colaborador\/gaston-carreno\/\" \/>\n<meta property=\"og:locale\" content=\"en_US\" \/>\n<meta property=\"og:type\" content=\"article\" \/>\n<meta property=\"og:title\" content=\"Gast\u00f3n Carre\u00f1o - IL Posto\" \/>\n<meta property=\"og:description\" content=\"Gast\u00f3n Carre\u00f1o holds a PhD (2014) and a Master&#039;s degree (2007) in Latin American Studies and a degree in Social Anthropology (2002) from the University of Chile. His main areas of research include studies in photography and film on indigenous peoples, as well as studies on coastal groups and whaling. He has worked as an undergraduate and graduate academic at various universities in Chile and abroad (Uruguay, Ecuador, Mexico, and Cuba). He also served as coordinator of the Center for Visual Anthropology Studies (2012-2018) and director of the Journal of Visual Anthropology (2000-2025). He currently works as a researcher at the Diego Barros Arana Research Center, National Library.\" \/>\n<meta property=\"og:url\" content=\"https:\/\/www.ilposto.cl\/en\/colaborador\/gaston-carreno\/\" \/>\n<meta property=\"og:site_name\" content=\"IL Posto\" \/>\n<meta property=\"article:modified_time\" content=\"2025-11-26T13:44:30+00:00\" \/>\n<meta name=\"twitter:card\" content=\"summary_large_image\" \/>\n<script type=\"application\/ld+json\" class=\"yoast-schema-graph\">{\"@context\":\"https:\/\/schema.org\",\"@graph\":[{\"@type\":\"WebPage\",\"@id\":\"https:\/\/www.ilposto.cl\/en\/colaborador\/gaston-carreno\/\",\"url\":\"https:\/\/www.ilposto.cl\/en\/colaborador\/gaston-carreno\/\",\"name\":\"Gast\u00f3n Carre\u00f1o - IL Posto\",\"isPartOf\":{\"@id\":\"https:\/\/www.ilposto.cl\/en\/#website\"},\"datePublished\":\"2025-09-24T15:57:13+00:00\",\"dateModified\":\"2025-11-26T13:44:30+00:00\",\"breadcrumb\":{\"@id\":\"https:\/\/www.ilposto.cl\/en\/colaborador\/gaston-carreno\/#breadcrumb\"},\"inLanguage\":\"en-US\",\"potentialAction\":[{\"@type\":\"ReadAction\",\"target\":[\"https:\/\/www.ilposto.cl\/en\/colaborador\/gaston-carreno\/\"]}]},{\"@type\":\"BreadcrumbList\",\"@id\":\"https:\/\/www.ilposto.cl\/en\/colaborador\/gaston-carreno\/#breadcrumb\",\"itemListElement\":[{\"@type\":\"ListItem\",\"position\":1,\"name\":\"Portada\",\"item\":\"https:\/\/www.ilposto.cl\/en\/\"},{\"@type\":\"ListItem\",\"position\":2,\"name\":\"Gast\u00f3n Carre\u00f1o\"}]},{\"@type\":\"WebSite\",\"@id\":\"https:\/\/www.ilposto.cl\/en\/#website\",\"url\":\"https:\/\/www.ilposto.cl\/en\/\",\"name\":\"IL Posto\",\"description\":\"Another Wordpress site\",\"potentialAction\":[{\"@type\":\"SearchAction\",\"target\":{\"@type\":\"EntryPoint\",\"urlTemplate\":\"https:\/\/www.ilposto.cl\/en\/?s={search_term_string}\"},\"query-input\":{\"@type\":\"PropertyValueSpecification\",\"valueRequired\":true,\"valueName\":\"search_term_string\"}}],\"inLanguage\":\"en-US\"}]}<\/script>\n<!-- \/ Yoast SEO plugin. -->","yoast_head_json":{"title":"Gast\u00f3n Carre\u00f1o - IL Posto","robots":{"index":"index","follow":"follow","max-snippet":"max-snippet:-1","max-image-preview":"max-image-preview:large","max-video-preview":"max-video-preview:-1"},"canonical":"https:\/\/www.ilposto.cl\/en\/colaborador\/gaston-carreno\/","og_locale":"en_US","og_type":"article","og_title":"Gast\u00f3n Carre\u00f1o - IL Posto","og_description":"Gast\u00f3n Carre\u00f1o holds a PhD (2014) and a Master's degree (2007) in Latin American Studies and a degree in Social Anthropology (2002) from the University of Chile. His main areas of research include studies in photography and film on indigenous peoples, as well as studies on coastal groups and whaling. He has worked as an undergraduate and graduate academic at various universities in Chile and abroad (Uruguay, Ecuador, Mexico, and Cuba). He also served as coordinator of the Center for Visual Anthropology Studies (2012-2018) and director of the Journal of Visual Anthropology (2000-2025). He currently works as a researcher at the Diego Barros Arana Research Center, National Library.","og_url":"https:\/\/www.ilposto.cl\/en\/colaborador\/gaston-carreno\/","og_site_name":"IL Posto","article_modified_time":"2025-11-26T13:44:30+00:00","twitter_card":"summary_large_image","schema":{"@context":"https:\/\/schema.org","@graph":[{"@type":"WebPage","@id":"https:\/\/www.ilposto.cl\/en\/colaborador\/gaston-carreno\/","url":"https:\/\/www.ilposto.cl\/en\/colaborador\/gaston-carreno\/","name":"Gast\u00f3n Carre\u00f1o - IL Posto","isPartOf":{"@id":"https:\/\/www.ilposto.cl\/en\/#website"},"datePublished":"2025-09-24T15:57:13+00:00","dateModified":"2025-11-26T13:44:30+00:00","breadcrumb":{"@id":"https:\/\/www.ilposto.cl\/en\/colaborador\/gaston-carreno\/#breadcrumb"},"inLanguage":"en-US","potentialAction":[{"@type":"ReadAction","target":["https:\/\/www.ilposto.cl\/en\/colaborador\/gaston-carreno\/"]}]},{"@type":"BreadcrumbList","@id":"https:\/\/www.ilposto.cl\/en\/colaborador\/gaston-carreno\/#breadcrumb","itemListElement":[{"@type":"ListItem","position":1,"name":"Portada","item":"https:\/\/www.ilposto.cl\/en\/"},{"@type":"ListItem","position":2,"name":"Gast\u00f3n Carre\u00f1o"}]},{"@type":"WebSite","@id":"https:\/\/www.ilposto.cl\/en\/#website","url":"https:\/\/www.ilposto.cl\/en\/","name":"IL Posto","description":"Another Wordpress site","potentialAction":[{"@type":"SearchAction","target":{"@type":"EntryPoint","urlTemplate":"https:\/\/www.ilposto.cl\/en\/?s={search_term_string}"},"query-input":{"@type":"PropertyValueSpecification","valueRequired":true,"valueName":"search_term_string"}}],"inLanguage":"en-US"}]}},"_links":{"self":[{"href":"https:\/\/www.ilposto.cl\/en\/wp-json\/wp\/v2\/colaborador\/5385","targetHints":{"allow":["GET"]}}],"collection":[{"href":"https:\/\/www.ilposto.cl\/en\/wp-json\/wp\/v2\/colaborador"}],"about":[{"href":"https:\/\/www.ilposto.cl\/en\/wp-json\/wp\/v2\/types\/colaborador"}],"wp:attachment":[{"href":"https:\/\/www.ilposto.cl\/en\/wp-json\/wp\/v2\/media?parent=5385"}],"curies":[{"name":"wp","href":"https:\/\/api.w.org\/{rel}","templated":true}]}}