{"id":5346,"date":"2025-09-23T12:44:22","date_gmt":"2025-09-23T15:44:22","guid":{"rendered":"https:\/\/www.ilposto.cl\/texto\/antonio-pichilla-y-su-incidencia-en-la-conceptualizacion-de-las-identidades-latinoamericanas-desde-la-perspectiva-de-la-circulacion\/"},"modified":"2025-10-29T14:44:21","modified_gmt":"2025-10-29T17:44:21","slug":"antonio-pichilla-y-su-incidencia-en-la-conceptualizacion-de-las-identidades-latinoamericanas-desde-la-perspectiva-de-la-circulacion","status":"publish","type":"texto","link":"https:\/\/www.ilposto.cl\/en\/text\/antonio-pichilla-y-su-incidencia-en-la-conceptualizacion-de-las-identidades-latinoamericanas-desde-la-perspectiva-de-la-circulacion\/","title":{"rendered":"Antonio Pichill\u00e1 and his impact on the conceptualization of Latin American identities, from the perspective of circulation"},"content":{"rendered":"<p><strong>Introduction<\/strong><\/p>\n<p>In March 2020, it was announced that 80 works by 39 contemporary artists would be donated by philanthropist Mario Cader-Frech to the Reina Sofia Museum Foundation to join the collection of the Museo Centro Nacional de Arte Reina Sofia in Madrid. One of these artists was Antonio Pichill\u00e1 (Guatemala, 1982), who defines himself as a Maya-Tz`utujil artist. The acquisition of his work allowed it to be exhibited in the Museum&#8217;s permanent exhibition from 2021 and for the first time outside Latin America, thus contributing to his growing artistic visibility and initiating a stage of international circulation that places him, in March 2025, preparing his third solo exhibition in Europe for the 44th International Contemporary Art Fair ARCOmadrid, after having been in London in 2023 and in Slovenia in 2024.<\/p>\n<p>With more than 15 years of artistic production, Pichill\u00e1&#8217;s work is considered one of the most important current expressions of international abstract language and, in an intercultural sense, is linked to the values of his community and is fundamentally influenced by the indigenous<sup class=\"modern-footnotes-footnote \" data-mfn=\"1\" data-mfn-post-scope=\"000000001f1b75d6000000005954200f_5346\"><a href=\"javascript:void(0)\"  role=\"button\" aria-pressed=\"false\" aria-describedby=\"mfn-content-000000001f1b75d6000000005954200f_5346-1\">1<\/a><\/sup><span id=\"mfn-content-000000001f1b75d6000000005954200f_5346-1\" role=\"tooltip\" class=\"modern-footnotes-footnote__note\" tabindex=\"0\" data-mfn=\"1\">Cecilia Fajardo-Hill, interview conducted on January\u00a0 8, 2025.<\/span>.\u00a0 The artist&#8217;s decision to live to this day in his birthplace in San Pedro La Laguna -on the shores of Lake Atitl\u00e1n-, his creative proposal, which uses various media (video, sculpture, installation, among others), his understanding of the exhibition space and the relevance he gives to the location of his works to promote dialogue between them and the viewer are some of the elements that reveal his character and his intention to expand his work beyond borders. As Roberto Cabrera points out,<\/p>\n<p style=\"padding-left: 80px;\">\u201cPichill\u00e1 realiza obras muy de nuestros d\u00edas con car\u00e1cter conceptual muy propio. Su obra tiene mucho del arte internacional dentro de la llamada posmodernidad. Toda su obra inspira un mundo que tiene mucho de viejo y nuevo dentro de una cultura de corte prehisp\u00e1nico. Es un arte visual que trae del pasado y el presente, un testimonio cultural muy de nuestro tiempo\u201d<sup class=\"modern-footnotes-footnote \" data-mfn=\"2\" data-mfn-post-scope=\"000000001f1b75d6000000005954200f_5346\"><a href=\"javascript:void(0)\"  role=\"button\" aria-pressed=\"false\" aria-describedby=\"mfn-content-000000001f1b75d6000000005954200f_5346-2\">2<\/a><\/sup><span id=\"mfn-content-000000001f1b75d6000000005954200f_5346-2\" role=\"tooltip\" class=\"modern-footnotes-footnote__note\" tabindex=\"0\" data-mfn=\"2\">Roberto Cabrera, text published in Antonio Pichill\u00e1\u2019s Dossiet, Galer\u00eda Extra, 2018, p. 32.<\/span>.<a href=\"#_ftnref1\" name=\"_ftn1\"><\/a><\/p>\n<div id=\"attachment_4654\" style=\"width: 276px\" class=\"wp-caption aligncenter\"><img loading=\"lazy\" decoding=\"async\" aria-describedby=\"caption-attachment-4654\" class=\"wp-image-4654 \" src=\"https:\/\/www.ilposto.cl\/wp-content\/uploads\/2025\/09\/Fig1-picbhilla-228x300.jpg\" alt=\"\" width=\"266\" height=\"350\" srcset=\"https:\/\/www.ilposto.cl\/wp-content\/uploads\/2025\/09\/Fig1-picbhilla-228x300.jpg 228w, https:\/\/www.ilposto.cl\/wp-content\/uploads\/2025\/09\/Fig1-picbhilla-114x150.jpg 114w, https:\/\/www.ilposto.cl\/wp-content\/uploads\/2025\/09\/Fig1-picbhilla.jpg 288w\" sizes=\"auto, (max-width: 266px) 100vw, 266px\" \/><p id=\"caption-attachment-4654\" class=\"wp-caption-text\"><strong>Fig. 1. <em>Anudar y desanudar<\/em> (2015). Museo Nacional Centro de Arte Reina Sofia<\/strong><\/p><\/div>\n<p><strong>Pichill\u00e1 and the contemporary art scene in Guatemala and Central America<\/strong><\/p>\n<p>In a 1999 article published in <em>ArtNexus <\/em>magazine under the title \u201cArte Contempor\u00e1neo en Guatemala\u201d, Guatemalan art critic and curator Rosina Cazali describes in some detail the art scene in that country in the context of what she defines as a process of regeneration of society and its creative practices, which she describes as a contribution to the old art world:<\/p>\n<p style=\"padding-left: 80px;\">\u201cY hoy, a finales de los a\u00f1os noventa, parece cobrar una energ\u00eda inesperada. La coyuntura de un proceso de transformaciones sociales, con su consecuente voluntad de apertura y de di\u00e1logo, parece estar abriendo paso a un interesante esp\u00edritu que flota alrededor del arte y ve con entusiasmo los nuevos lenguajes contempor\u00e1neos\u201d<sup class=\"modern-footnotes-footnote \" data-mfn=\"3\" data-mfn-post-scope=\"000000001f1b75d6000000005954200f_5346\"><a href=\"javascript:void(0)\"  role=\"button\" aria-pressed=\"false\" aria-describedby=\"mfn-content-000000001f1b75d6000000005954200f_5346-3\">3<\/a><\/sup><span id=\"mfn-content-000000001f1b75d6000000005954200f_5346-3\" role=\"tooltip\" class=\"modern-footnotes-footnote__note\" tabindex=\"0\" data-mfn=\"3\">Rosina Cazali, \u201cArte contempor\u00e1neo en Guatemala\u201d, in <em>ArtNexus <\/em>32, 1999. Available in: <a href=\"https:\/\/www.artnexus.com\/es\/magazines\/article-magazine-artnexus\/63e17e6306e458aa6cb6ec7e\/32\/contemporary-art-in-guatemala\">https:\/\/www.artnexus.com\/es\/magazines\/article-magazine-artnexus\/63e17e6306e458aa6cb6ec7e\/32\/contemporary-art-in-guatemala<\/a><\/span>.<\/p>\n<p>That same year, Antonio Pichill\u00e1 began his formal art studies at the Escuela Nacional de Artes Pl\u00e1sticas Rafael Rodr\u00edguez Padilla in Guatemala<sup class=\"modern-footnotes-footnote \" data-mfn=\"4\" data-mfn-post-scope=\"000000001f1b75d6000000005954200f_5346\"><a href=\"javascript:void(0)\"  role=\"button\" aria-pressed=\"false\" aria-describedby=\"mfn-content-000000001f1b75d6000000005954200f_5346-4\">4<\/a><\/sup><span id=\"mfn-content-000000001f1b75d6000000005954200f_5346-4\" role=\"tooltip\" class=\"modern-footnotes-footnote__note\" tabindex=\"0\" data-mfn=\"4\">The School was founded in 1920 as the Academy of Fine Arts of Guatemala, named after its founder who was a Guatemalan painter, sculptor and engraver. Other contemporary Mayan artists were also part of this school: Marilyn Boror, Edgar Calel, Benvenuto Chavajay, Manuel Chavajay and Fernando Poy\u00f3n, whose works were also part of the donation to the Reina Sof\u00eda Museum Foundation in 2020.<\/span>, from where he graduated in 2003. The artistic training he received at this institution was of the conventional and academic type, except for that transmitted to him by artist Roberto Cabrera, who \u201cnot only promoted that contemporary art should be based on research, conceptualism and interdisciplinarity, but also on local and indigenous art and culture\u201d<sup class=\"modern-footnotes-footnote \" data-mfn=\"5\" data-mfn-post-scope=\"000000001f1b75d6000000005954200f_5346\"><a href=\"javascript:void(0)\"  role=\"button\" aria-pressed=\"false\" aria-describedby=\"mfn-content-000000001f1b75d6000000005954200f_5346-5\">5<\/a><\/sup><span id=\"mfn-content-000000001f1b75d6000000005954200f_5346-5\" role=\"tooltip\" class=\"modern-footnotes-footnote__note\" tabindex=\"0\" data-mfn=\"5\">Cecilia Fajardo-Hill, \u201cAntonio Pichill\u00e1: PAJCH\u2019UN Q\u2019IIN, XAMALIL K\u2019IN KIROONEEM SOLOONEEM\u201c, in <em>Artishock<\/em>, April 4, 2022. Available in: \u00a0\u00a0\u00a0\u00a0\u00a0<a href=\"https:\/\/artishockrevista.com\/2022\/04\/04\/antonio-pichilla-la-nueva-fabrica\/\">https:\/\/artishockrevista.com\/2022\/04\/04\/antonio-pichilla-la-nueva-fabrica\/<\/a><\/span>.<\/p>\n<p>This duality between traditional fine arts training and native tradition is a field of intersection that many contemporary Mayan artists inhabit and whose tension can be reflected in their works and in the relationship they establish with their communities. The demand for authenticity imposed by the artistic field contributes to sharpen these tensions, especially in the case of the subalternized peoples of Latin America. Now, why should only indigenous people respond to this condition of purity? According to Chilean researcher Cristian Vargas, because, most of the time, there is another colonizer who demands it and demands this immaculate relationship with tradition. Thus, when someone does something different from what is expected of an \u201cauthentic indigenous person\u201d, something new or that departs from their codes (as often happens in contemporary art), they immediately become the object of suspicion: one that places them in a passive position and deprives them of the right to a more complex and diverse representativeness<sup class=\"modern-footnotes-footnote \" data-mfn=\"6\" data-mfn-post-scope=\"000000001f1b75d6000000005954200f_5346\"><a href=\"javascript:void(0)\"  role=\"button\" aria-pressed=\"false\" aria-describedby=\"mfn-content-000000001f1b75d6000000005954200f_5346-6\">6<\/a><\/sup><span id=\"mfn-content-000000001f1b75d6000000005954200f_5346-6\" role=\"tooltip\" class=\"modern-footnotes-footnote__note\" tabindex=\"0\" data-mfn=\"6\">Cristian Vargas, interview conducted on December 9, 2024.<\/span>.<\/p>\n<p>In regards to the idea of the indigenous and in particular of the Mayan in Guatemala, anthropologist Maria Jacinta Xon Riquiac has coined the term <em>may\u00e1metro <\/em>(\u201cmayameter\u201d), a concept that comes to be an irony of the contradictions that cohabit in the people of indigenous origin in Latin America:<\/p>\n<p style=\"padding-left: 80px;\">\u201cEl may\u00e1metro tiene relaci\u00f3n directa con los procesos de racializaci\u00f3n, que la sociedad te dice que todo esto es ind\u00edgena y esto es lo otro y condiciona qu\u00e9 es y qu\u00e9 no es, que est\u00e1 bueno y que no. Son cuestiones sutiles y cotidianas que vista pol\u00edticamente no se ve dicot\u00f3mico, es un proceso que atraviesa generaciones, costumbres (\u2026) Hay gente ind\u00edgena que tambi\u00e9n determinan qu\u00e9 usar. Desde fuera o desde adentro hay discriminaci\u00f3n, se compara con referentes o tambi\u00e9n se determinan las conductas en relaci\u00f3n a si son m\u00e1s o menos ind\u00edgenas\u201d<sup class=\"modern-footnotes-footnote \" data-mfn=\"7\" data-mfn-post-scope=\"000000001f1b75d6000000005954200f_5346\"><a href=\"javascript:void(0)\"  role=\"button\" aria-pressed=\"false\" aria-describedby=\"mfn-content-000000001f1b75d6000000005954200f_5346-7\">7<\/a><\/sup><span id=\"mfn-content-000000001f1b75d6000000005954200f_5346-7\" role=\"tooltip\" class=\"modern-footnotes-footnote__note\" tabindex=\"0\" data-mfn=\"7\">Maria Jacinta Xon, \u201cDel may\u00e1metro al ladin\u00f3metro, Saberes Podcast\u201d, 2023. Available in: <a href=\"https:\/\/www.youtube.com\/watch?v=LZ58Hi4xl0o\">https:\/\/www.youtube.com\/watch?v=LZ58Hi4xl0o<\/a>.<\/span>.<\/p>\n<p>In this context, within the possibilities that Mayan artists have to exhibit their work, there are some non-governmental initiatives in Guatemala that have been an important part of the trajectory of Pichill\u00e1 and his generation and that are mentioned by critics as relevant for the promotion of contemporary art in that country and in Central America, such as the Paiz Art Biennial and the Juannio Award<sup class=\"modern-footnotes-footnote \" data-mfn=\"8\" data-mfn-post-scope=\"000000001f1b75d6000000005954200f_5346\"><a href=\"javascript:void(0)\"  role=\"button\" aria-pressed=\"false\" aria-describedby=\"mfn-content-000000001f1b75d6000000005954200f_5346-8\">8<\/a><\/sup><span id=\"mfn-content-000000001f1b75d6000000005954200f_5346-8\" role=\"tooltip\" class=\"modern-footnotes-footnote__note\" tabindex=\"0\" data-mfn=\"8\">JUANNIO has been held annually since 1964, positioning itself as one of the most important artistic events in Guatemala and Latin America.<\/span>. Both have contributed significantly to the international visibility of Mayan artists, through exchanges with art critics, curators and collectors, positioning themselves among the most important events in the Caribbean and Latin America.<\/p>\n<div id=\"attachment_4661\" style=\"width: 408px\" class=\"wp-caption aligncenter\"><img loading=\"lazy\" decoding=\"async\" aria-describedby=\"caption-attachment-4661\" class=\"wp-image-4661 \" src=\"https:\/\/www.ilposto.cl\/wp-content\/uploads\/2025\/09\/Imagen2-300x162.jpg\" alt=\"\" width=\"398\" height=\"215\" srcset=\"https:\/\/www.ilposto.cl\/wp-content\/uploads\/2025\/09\/Imagen2-300x162.jpg 300w, https:\/\/www.ilposto.cl\/wp-content\/uploads\/2025\/09\/Imagen2-150x81.jpg 150w, https:\/\/www.ilposto.cl\/wp-content\/uploads\/2025\/09\/Imagen2.jpg 531w\" sizes=\"auto, (max-width: 398px) 100vw, 398px\" \/><p id=\"caption-attachment-4661\" class=\"wp-caption-text\"><strong>Fig. 2. <em>GLIFOS, Arqueolog\u00eda contempor\u00e1nea<\/em> (2014). Bienal Arte Paiz.<\/strong><\/p><\/div>\n<p>The Paiz Art Biennial has been organized by the Paiz Foundation since 1978 and is preparing its 24th version for 2025-2026. Antonio Pichill\u00e1 participated in it in 2002 (when he was still an art student), 2010 and then in the 19th version held in 2014, where he appeared as one of the 31 Guatemalan artists selected under the concept \u201cTrans-visible\u201d (between no longer and not yet), along with other exponents of the so-called contemporary Mayan art (Marilyn Boror, Edgar Calel, Benvenuto Chavajay, Manuel Cavajay, Fernando Poy\u00f3n). Cecilia Fajardo-Hill, Venezuelan-British art historian and curator specialized in Latin American contemporary art, was part of the curatorial team of the latter show. She remembers especially when she met Pichill\u00e1&#8217;s work: \u201cit was a really incredible installation of tied stones that the artist made for that Biennial\u201d [translated by the author]<sup class=\"modern-footnotes-footnote \" data-mfn=\"9\" data-mfn-post-scope=\"000000001f1b75d6000000005954200f_5346\"><a href=\"javascript:void(0)\"  role=\"button\" aria-pressed=\"false\" aria-describedby=\"mfn-content-000000001f1b75d6000000005954200f_5346-9\">9<\/a><\/sup><span id=\"mfn-content-000000001f1b75d6000000005954200f_5346-9\" role=\"tooltip\" class=\"modern-footnotes-footnote__note\" tabindex=\"0\" data-mfn=\"9\">Cecilia Fajardo-Hill, interview conducted on January\u00a0 8, 2025.<\/span>. The installation to which Fajardo-Hill refers is called \u201cGlifos (arqueolog\u00eda contempor\u00e1nea)\u201d. In it, Pichill\u00e1 builds two wooden tables as altars to present ceremonial stones that he has moved from his community to the exhibition hall. Some of the stones are carved, others are covered with threads or scraps of cloth and show traces of soot or candle kerosene<sup class=\"modern-footnotes-footnote \" data-mfn=\"10\" data-mfn-post-scope=\"000000001f1b75d6000000005954200f_5346\"><a href=\"javascript:void(0)\"  role=\"button\" aria-pressed=\"false\" aria-describedby=\"mfn-content-000000001f1b75d6000000005954200f_5346-10\">10<\/a><\/sup><span id=\"mfn-content-000000001f1b75d6000000005954200f_5346-10\" role=\"tooltip\" class=\"modern-footnotes-footnote__note\" tabindex=\"0\" data-mfn=\"10\">Jos\u00e9 Luis Bolndet, \u201c19 Bienal de Arte Paiz\u201d, in <em>ARTNexus<\/em> 95, 2015. Available in: <a href=\"https:\/\/www.artnexus.com\/es\/magazines\/article-magazine-artnexus\/5d641d3790cc21cf7c0a418c\/95\/19-bienal-de-arte-paiz\">https:\/\/www.artnexus.com\/es\/magazines\/article-magazine-artnexus\/5d641d3790cc21cf7c0a418c\/95\/19-bienal-de-arte-paiz<\/a>\u00a0<\/span>.<\/p>\n<p>This first contact motivated Fajardo-Hill to include Pichill\u00e1&#8217;s work in her essays on contemporary abstraction in Latin America. In a text entitled \u201cAbstracciones significativas\u201d published in <em>ArtNexus<\/em> in 2014, the author argues:<\/p>\n<p>\u201cDe qu\u00e9 manera podemos insertar la producci\u00f3n de arte abstracto de una zona rural en Guatemala como San Pedro de la Laguna, por artistas como Benvenuto Chavajay (Guatemala, 1978) y Manuel Antonio Pichill\u00e1 (Guatemala, 1982), cuya obra dialoga con la est\u00e9tica espec\u00edfica de la zona y tradiciones culturales mayas, referencias que hasta ahora han sido excluidas de discusiones acerca de la modernidad, en una discusi\u00f3n \u201cabstracta\u201d acerca de econom\u00edas capitalistas tard\u00edas\u201d<sup class=\"modern-footnotes-footnote \" data-mfn=\"11\" data-mfn-post-scope=\"000000001f1b75d6000000005954200f_5346\"><a href=\"javascript:void(0)\"  role=\"button\" aria-pressed=\"false\" aria-describedby=\"mfn-content-000000001f1b75d6000000005954200f_5346-11\">11<\/a><\/sup><span id=\"mfn-content-000000001f1b75d6000000005954200f_5346-11\" role=\"tooltip\" class=\"modern-footnotes-footnote__note\" tabindex=\"0\" data-mfn=\"11\">Cecilia Fajardo-Hill, \u201cAbstracciones significativas\u201d, in <em>ArtNexus <\/em>92, 2014. Available in: <a href=\"https:\/\/www.artnexus.com\/en\/magazines\/article-magazine\/5d6415e590cc21cf7c0a3d69\/92\/meaningful-abstractions\">https:\/\/www.artnexus.com\/en\/magazines\/article-magazine\/5d6415e590cc21cf7c0a3d69\/92\/meaningful-abstractions<\/a>.<\/span><\/p>\n<p>In 2017 Pichill\u00e1 won first place in the 53rd edition of the Juannio Prize for his works \u201cAcci\u00f3n de un personaje q&#8217;een\u201d and \u201cAcci\u00f3n de un personaje AB&#8217;AJ\u201d. The jury included Jos\u00e9 Falconi, Emiliando Vald\u00e9s and Alexia Tala, Chilean curator who in 2021 was in charge of the selection of the XXII Paiz Art Biennial, in which the artist also participated with the work \u201cViento\u201d (2020)<sup class=\"modern-footnotes-footnote \" data-mfn=\"12\" data-mfn-post-scope=\"000000001f1b75d6000000005954200f_5346\"><a href=\"javascript:void(0)\"  role=\"button\" aria-pressed=\"false\" aria-describedby=\"mfn-content-000000001f1b75d6000000005954200f_5346-12\">12<\/a><\/sup><span id=\"mfn-content-000000001f1b75d6000000005954200f_5346-12\" role=\"tooltip\" class=\"modern-footnotes-footnote__note\" tabindex=\"0\" data-mfn=\"12\">In relation to this work, Rosina Cazali pointed out: \u201cIn a country where weaving occupies a central place in the life of the people, artists like Antonio Pichill\u00e1, Tz&#8217;utujil and native of San Pedro La Laguna, creates a game of patterns and knots to form a gigantic loom crossed by sacred symbolism\u201d. See \u201c22\u00b0 Bienal de Arte Paiz. Un recorrido entre el silencio y el peso de las palabras\u201d, in <em>Artishock<\/em>, June 29 2021. Available in: <a href=\"https:\/\/artishockrevista.com\/2021\/06\/29\/22-bienal-arte-paiz-guatemala-resena\/\">https:\/\/artishockrevista.com\/2021\/06\/29\/22-bienal-arte-paiz-guatemala-resena\/<\/a><\/span>. As curator of this version of the Biennial and that of 2016, Tala was able to meet Pichill\u00e1 and other contemporary Mayan artists<sup class=\"modern-footnotes-footnote \" data-mfn=\"13\" data-mfn-post-scope=\"000000001f1b75d6000000005954200f_5346\"><a href=\"javascript:void(0)\"  role=\"button\" aria-pressed=\"false\" aria-describedby=\"mfn-content-000000001f1b75d6000000005954200f_5346-13\">13<\/a><\/sup><span id=\"mfn-content-000000001f1b75d6000000005954200f_5346-13\" role=\"tooltip\" class=\"modern-footnotes-footnote__note\" tabindex=\"0\" data-mfn=\"13\">Among the Maya artists who participated in the 2021 biennial are: Marilyn Boror, Edgar Calel, Manuel Chavajay, Benvenuto Chavajay, \u00c1ngel Poy\u00f3n, Fernando Poy\u00f3n, Ang\u00e9lica Serech and Oscar Per\u00e9n.<\/span>. In both versions she incorporated them in the final selection because in her opinion at the time, they were the best artists in Guatemala<sup class=\"modern-footnotes-footnote \" data-mfn=\"14\" data-mfn-post-scope=\"000000001f1b75d6000000005954200f_5346\"><a href=\"javascript:void(0)\"  role=\"button\" aria-pressed=\"false\" aria-describedby=\"mfn-content-000000001f1b75d6000000005954200f_5346-14\">14<\/a><\/sup><span id=\"mfn-content-000000001f1b75d6000000005954200f_5346-14\" role=\"tooltip\" class=\"modern-footnotes-footnote__note\" tabindex=\"0\" data-mfn=\"14\">Alexia Tala, interview conducted on December 17, 2024.<\/span>. They all studied at the art school and had an academic background, but they learned a lot from their teacher Roberto Cabrera, who investigated indigenous issues and traditions from an artistic perspective. He encouraged them to connect with each other, to reflect together and to strengthen their discourse from a situated perspective. Thus, Pichill\u00e1&#8217;s works in particular include symbols of his culture&#8217;s connection to the sacred, corn and its colors, his father&#8217;s and mother&#8217;s heritage, textiles and landscape, which he works in different formats<sup class=\"modern-footnotes-footnote \" data-mfn=\"15\" data-mfn-post-scope=\"000000001f1b75d6000000005954200f_5346\"><a href=\"javascript:void(0)\"  role=\"button\" aria-pressed=\"false\" aria-describedby=\"mfn-content-000000001f1b75d6000000005954200f_5346-15\">15<\/a><\/sup><span id=\"mfn-content-000000001f1b75d6000000005954200f_5346-15\" role=\"tooltip\" class=\"modern-footnotes-footnote__note\" tabindex=\"0\" data-mfn=\"15\">Idem<\/span>.<\/p>\n<p><a href=\"#_ftnref1\" name=\"_ftn1\"><\/a><\/p>\n<div id=\"attachment_4660\" style=\"width: 422px\" class=\"wp-caption aligncenter\"><img loading=\"lazy\" decoding=\"async\" aria-describedby=\"caption-attachment-4660\" class=\"wp-image-4660 \" src=\"https:\/\/www.ilposto.cl\/wp-content\/uploads\/2025\/09\/Imagen-3-300x228.png\" alt=\"\" width=\"412\" height=\"313\" srcset=\"https:\/\/www.ilposto.cl\/wp-content\/uploads\/2025\/09\/Imagen-3-300x228.png 300w, https:\/\/www.ilposto.cl\/wp-content\/uploads\/2025\/09\/Imagen-3-150x114.png 150w, https:\/\/www.ilposto.cl\/wp-content\/uploads\/2025\/09\/Imagen-3.png 459w\" sizes=\"auto, (max-width: 412px) 100vw, 412px\" \/><p id=\"caption-attachment-4660\" class=\"wp-caption-text\"><strong>Fig. 3. <em>Acci\u00f3n de un personaje q\u2019ueen<\/em> y <em>Acci\u00f3n de un personaje AB\u2019Aj<\/em> (2017). PREMIO JUANNIO 2017.<\/strong><\/p><\/div>\n<p>&nbsp;<\/p>\n<p><strong>Intermediate scenes, dynamics of circulation and visibility<\/strong><\/p>\n<p>In 2021, at the time of the donation of the works by philanthropist Mario Cader-Frech to the Queen Sofia Museum Foundation, Antonio Pichill\u00e1 had had seven solo exhibitions in Guatemala since 2010<sup class=\"modern-footnotes-footnote \" data-mfn=\"16\" data-mfn-post-scope=\"000000001f1b75d6000000005954200f_5346\"><a href=\"javascript:void(0)\"  role=\"button\" aria-pressed=\"false\" aria-describedby=\"mfn-content-000000001f1b75d6000000005954200f_5346-16\">16<\/a><\/sup><span id=\"mfn-content-000000001f1b75d6000000005954200f_5346-16\" role=\"tooltip\" class=\"modern-footnotes-footnote__note\" tabindex=\"0\" data-mfn=\"16\">In 2015 she exhibited \u201cB&#8217;atz&#8217; \/anudar y desnudar\u201d in Costa Rica at the Museo de Dise\u00f1o y Arte Contempor\u00e1neo MADC, curated by Mar\u00eda Jos\u00e9 Chavarr\u00eda<\/span>, although he was not formally represented by any art gallery. He had his residence and studio on the top of a hill on Lake Atitl\u00e1n in Guatemala -where he still has them-, about four hours from Guatemala City. Tala says that, to get there, \u201cyou have to leave the city and cross on a ferry from Panajachel, in the highlands of Guatemala, to San Juan de la Laguna\u201d<sup class=\"modern-footnotes-footnote \" data-mfn=\"17\" data-mfn-post-scope=\"000000001f1b75d6000000005954200f_5346\"><a href=\"javascript:void(0)\"  role=\"button\" aria-pressed=\"false\" aria-describedby=\"mfn-content-000000001f1b75d6000000005954200f_5346-17\">17<\/a><\/sup><span id=\"mfn-content-000000001f1b75d6000000005954200f_5346-17\" role=\"tooltip\" class=\"modern-footnotes-footnote__note\" tabindex=\"0\" data-mfn=\"17\">Alexia Tala, interview conducted on December 17, 2024.<\/span>.<\/p>\n<p>One of the spaces that organized Pichill\u00e1&#8217;s last solo exhibitions before his works were incorporated for the first time into the collection of a contemporary art museum outside his country was Guatemala City&#8217;s Galer\u00eda Extra, a space frequented by international curators interested in researching artists of indigenous provenance, such as Pichill\u00e1 and the Benvenuto brothers and Manuel Chavajay. According to Silvia Obiols, director of the space for more than 10 years (2014), there is a special interest among collectors and museums in artists from native peoples, and that is precisely what motivated the creation of her gallery. In her own words: \u201cContemporary art is looking for answers and reflects on the different ways of life, questions the canon and in that context, indigenous art is presented as a practice of a different material context that is beginning to be of interest to European museums\u201d<sup class=\"modern-footnotes-footnote \" data-mfn=\"18\" data-mfn-post-scope=\"000000001f1b75d6000000005954200f_5346\"><a href=\"javascript:void(0)\"  role=\"button\" aria-pressed=\"false\" aria-describedby=\"mfn-content-000000001f1b75d6000000005954200f_5346-18\">18<\/a><\/sup><span id=\"mfn-content-000000001f1b75d6000000005954200f_5346-18\" role=\"tooltip\" class=\"modern-footnotes-footnote__note\" tabindex=\"0\" data-mfn=\"18\">Silvia Obiols, interview conducted on September 17, 2024.<\/span>.<\/p>\n<p>Since its inception, Galer\u00eda Extra had to build a relationship with local artists, attending to the emerging contexts in the field of art circulation and promoting collaboration between agents so that these artists could access the international market. Pichill\u00e1&#8217;s exhibitions titled \u201cABUELO\u201d and \u201cSAQ B`EEY\u201d -both held in 2018- were the background for the portfolio of work made by the Gallery that would reach the MNCARS team as part of the referential background for the acquisition of works by the artist. This bilingual document dated March 2019 has 52 pages where more than 30 works are presented along with brief curatorial texts by two specialists in Latin American contemporary art: the Cuban Cristina Vivez and the Venezuelan-British Cecilia Fajardo-Hill. It also includes references by the artist himself and details of his solo exhibitions, artistic recognitions and more than twenty participations in group shows.<\/p>\n<div id=\"attachment_4659\" style=\"width: 416px\" class=\"wp-caption aligncenter\"><img loading=\"lazy\" decoding=\"async\" aria-describedby=\"caption-attachment-4659\" class=\"wp-image-4659 \" src=\"https:\/\/www.ilposto.cl\/wp-content\/uploads\/2025\/09\/Imagen4-300x176.jpg\" alt=\"\" width=\"406\" height=\"238\" srcset=\"https:\/\/www.ilposto.cl\/wp-content\/uploads\/2025\/09\/Imagen4-300x176.jpg 300w, https:\/\/www.ilposto.cl\/wp-content\/uploads\/2025\/09\/Imagen4-150x88.jpg 150w, https:\/\/www.ilposto.cl\/wp-content\/uploads\/2025\/09\/Imagen4.jpg 510w\" sizes=\"auto, (max-width: 406px) 100vw, 406px\" \/><p id=\"caption-attachment-4659\" class=\"wp-caption-text\"><strong>Fig. 4. Galer\u00eda Extra Guatemala (2018)<\/strong><\/p><\/div>\n<p>One of the most extensive quotations included in this document corresponds to a text by Pichill\u00e1&#8217;s teacher, Roberto Cabrera, written for two solo exhibitions of the artist held in 2012: \u201cB&#8217;ATZ\u201d at the Panza Verde Gallery and \u201cP&#8217;ICHI&#8217;YA\u201d at the Kil\u00f3metro Gallery of the National Palace of Culture in Guatemala City. Let&#8217;s see below:<\/p>\n<p style=\"padding-left: 80px;\">\u201cPichill\u00e1 realiza un arte muy de este tiempo con elementos propios de su cultura, es decir candelas de cofrad\u00eda, tejidos Tz`utujiles, piedras del lago, mazorcas de ma\u00edz y otros elementos de su cultura. Con ellos realiza igualmente tipos de envoltorios sagrados como los de San Mart\u00edn y Ri Laj Mam en sus respectivas cofrad\u00edas (\u2026) en una madurez creativa del artista, ser\u00e1 capaz de retomar la est\u00e9tica maya que le pertenece de nacimiento, m\u00e1s no solo desde lo manual, ya que \u201cel arte no es una cosa manual, sino conceptual\u201d<sup class=\"modern-footnotes-footnote \" data-mfn=\"19\" data-mfn-post-scope=\"000000001f1b75d6000000005954200f_5346\"><a href=\"javascript:void(0)\"  role=\"button\" aria-pressed=\"false\" aria-describedby=\"mfn-content-000000001f1b75d6000000005954200f_5346-19\">19<\/a><\/sup><span id=\"mfn-content-000000001f1b75d6000000005954200f_5346-19\" role=\"tooltip\" class=\"modern-footnotes-footnote__note\" tabindex=\"0\" data-mfn=\"19\">Roberto Cabrera, text published in Antonio Pichill\u00e1\u2019s Dossiet, Galer\u00eda Extra, 2018, p. 32.<\/span>.<\/p>\n<p>In September 2019, Galer\u00eda Extra received an international delegation of curators on a visit coordinated by Y.ES Contemporary of El Salvador, an initiative of the Robert S. Wennett and Mario Cader-Frech Foundation, which organized every year the so-called ARTS TRIPS: trips of approximately five days in which a group of curators, art critics, academics, researchers and gallery owners got to know the contemporary scene of that country<sup class=\"modern-footnotes-footnote \" data-mfn=\"20\" data-mfn-post-scope=\"000000001f1b75d6000000005954200f_5346\"><a href=\"javascript:void(0)\"  role=\"button\" aria-pressed=\"false\" aria-describedby=\"mfn-content-000000001f1b75d6000000005954200f_5346-20\">20<\/a><\/sup><span id=\"mfn-content-000000001f1b75d6000000005954200f_5346-20\" role=\"tooltip\" class=\"modern-footnotes-footnote__note\" tabindex=\"0\" data-mfn=\"20\">The Foundation created Y.ES Contemporary in 2015 as a nomadic non-collecting program, which focuses on supporting and increasing the visibility of contemporary artists from El Salvador through curatorial art tours, grants and workshops, exhibitions, talks, and scheduled studio visits locally and internationally.&#8221; More information at: <a href=\"https:\/\/www.yescontemporary.org\/about\">https:\/\/www.yescontemporary.org\/about<\/a><\/span>. Although this program had focused on the promotion of artists from El Salvador, its influence had expanded to other Central American countries, which allowed it to reach Guatemala in 2019. The delegation that visited Galer\u00eda Extra that year included the then director of the Reina Sof\u00eda Museum Foundation, Ana Tom\u00e9, and curator Alexia Tala, among other agents of international relevance. It is not possible to be certain that this visit was decisive for the incorporation of Pichill\u00e1&#8217;s works into the MNCARS Collection; however, it constitutes an important milestone for understanding the movement of Guatemala&#8217;s contemporary art scene of those years and also the approaches and searches that museums were adopting with respect to their collections.<\/p>\n<p>For Fajardo-Hill, in 2020, when Mario Cader-Frech&#8217;s donation to the Museum was announced, Pichill\u00e1 had a solid body of work that included not only installations and sculptures, but also a performative work that was being exhibited in different circuits<sup class=\"modern-footnotes-footnote \" data-mfn=\"21\" data-mfn-post-scope=\"000000001f1b75d6000000005954200f_5346\"><a href=\"javascript:void(0)\"  role=\"button\" aria-pressed=\"false\" aria-describedby=\"mfn-content-000000001f1b75d6000000005954200f_5346-21\">21<\/a><\/sup><span id=\"mfn-content-000000001f1b75d6000000005954200f_5346-21\" role=\"tooltip\" class=\"modern-footnotes-footnote__note\" tabindex=\"0\" data-mfn=\"21\">Cecilia Fajardo-Hill, interview conducted on January\u00a0 8, 2025.<\/span>. The artist remembers this moment as the beginning of the international circulation of his work. His 2018 exhibitions would be decisive in this sense, although in these shows he had no sale of work, diffusion in the press, nor direct contacts with collectors. The general interest did not translate then into immediate actions or agreements that would directly account for good results. As the artist says<\/p>\n<p style=\"padding-left: 80px;\">\u201c&#8230;yo lo tom\u00e9 a la ligera y segu\u00ed trabajando, pero hoy todas esas piezas que se expusieron en 2018, nada est\u00e1 en Guatemala ahora, unas est\u00e1n en el Reina Sof\u00eda, otras en el Tate, en Denver, en el MALBA, eran obras que fueron producidas ac\u00e1 pero que no eran de ac\u00e1, est\u00e1n todas afuera, y no por la gesti\u00f3n de una galer\u00eda, porque mi relaci\u00f3n formal con las galer\u00edas se inicia en 2023, creo que si la obra es tan buena, realmente la obra llega donde tiene que llegar en su debido momento\u201d<sup class=\"modern-footnotes-footnote \" data-mfn=\"22\" data-mfn-post-scope=\"000000001f1b75d6000000005954200f_5346\"><a href=\"javascript:void(0)\"  role=\"button\" aria-pressed=\"false\" aria-describedby=\"mfn-content-000000001f1b75d6000000005954200f_5346-22\">22<\/a><\/sup><span id=\"mfn-content-000000001f1b75d6000000005954200f_5346-22\" role=\"tooltip\" class=\"modern-footnotes-footnote__note\" tabindex=\"0\" data-mfn=\"22\">Antonio Pichill\u00e1, interview conducted on December 19, 2024.<\/span>.<\/p>\n<p>Pichill\u00e1&#8217;s vision of his work and his work is the result of an artistic training that, beyond the academic, allowed him to recognize his origin as an important part of his discursive strength, which is focused on a sustained creative work that also includes exhibition projects, dissemination and management. At the same time, the artist is aware of the relevance that currently has the link with international art agents to be able to participate in the most important fairs and biennials and thus make his work known. The legacy of his teacher Roberto Cabrera was projected in him as a way of life. In relation to the meaning of being an artist and being able to make a living from art in the Latin American context, Pichill\u00e1 recalls his words, which helped him in times of difficulty: \u201cwhat I don&#8217;t want from you is to be disappointed in your own work, always believe in your work, in what you do regardless of what happens, but believe in what you do\u201d<sup class=\"modern-footnotes-footnote \" data-mfn=\"23\" data-mfn-post-scope=\"000000001f1b75d6000000005954200f_5346\"><a href=\"javascript:void(0)\"  role=\"button\" aria-pressed=\"false\" aria-describedby=\"mfn-content-000000001f1b75d6000000005954200f_5346-23\">23<\/a><\/sup><span id=\"mfn-content-000000001f1b75d6000000005954200f_5346-23\" role=\"tooltip\" class=\"modern-footnotes-footnote__note\" tabindex=\"0\" data-mfn=\"23\">Idem<\/span>.<\/p>\n<p>The exhibition that Pichill\u00e1 held in 2022 at La Nueva F\u00e1brica in Antigua Guatemala, entitled \u201cPajch&#8217;un Q&#8217;iin, Xamalil K&#8217;in Kirooneem Solooneem\u201d, brought together nearly 50 works by the artist that had been previously exhibited and others that he made during the years of the pandemic. With a retrospective spirit, the exhibition presented the result of his work and career as if trying to give closure to his stage of national circulation in Guatemala. To date, this has been the last solo exhibition held in his country. It included videos, photographs, installations, paintings, sculpture and textiles and was on display for about 4 months<sup class=\"modern-footnotes-footnote \" data-mfn=\"24\" data-mfn-post-scope=\"000000001f1b75d6000000005954200f_5346\"><a href=\"javascript:void(0)\"  role=\"button\" aria-pressed=\"false\" aria-describedby=\"mfn-content-000000001f1b75d6000000005954200f_5346-24\">24<\/a><\/sup><span id=\"mfn-content-000000001f1b75d6000000005954200f_5346-24\" role=\"tooltip\" class=\"modern-footnotes-footnote__note\" tabindex=\"0\" data-mfn=\"24\">Cecilia Fajardo-Hill, \u201cAntonio Pichill\u00e1: PAJCH\u2019UN Q\u2019IIN, XAMALIL K\u2019IN KIROONEEM SOLOONEEM\u201c, in Artishock, April 4, 2022. Available in:\u00a0\u00a0\u00a0\u00a0\u00a0 https:\/\/artishockrevista.com\/2022\/04\/04\/antonio-pichilla-la-nueva-fabrica\/<\/span>.<\/p>\n<p>&nbsp;<\/p>\n<p><strong>Pichill\u00e1 in the MNCARS Collection<\/strong><\/p>\n<p>Since 2008, the Museo Centro Nacional de Arte Reina Sof\u00eda has incorporated into its lines of work the investigation of art from Latin America and has proposed to improve the representation of works in the collection, especially from some areas such as Central America and the insular Caribbean, which have had a minimal presence compared to countries such as Argentina, Peru, Brazil and Mexico<sup class=\"modern-footnotes-footnote \" data-mfn=\"25\" data-mfn-post-scope=\"000000001f1b75d6000000005954200f_5346\"><a href=\"javascript:void(0)\"  role=\"button\" aria-pressed=\"false\" aria-describedby=\"mfn-content-000000001f1b75d6000000005954200f_5346-25\">25<\/a><\/sup><span id=\"mfn-content-000000001f1b75d6000000005954200f_5346-25\" role=\"tooltip\" class=\"modern-footnotes-footnote__note\" tabindex=\"0\" data-mfn=\"25\">Suset S\u00e1nchez, interview conducted on November 28, 2024.<\/span>. This determination of the museum to approach more silenced areas and to be able to patrimonialize new works from places less represented in its collection implied looking for alternative ways to implement its acquisition policy and focus it on strengthening institutional networks with local agents who were familiar with those artists who developed a creative work of interest but who, nevertheless, had not managed to transcend their local circulation context. Traditionally, the acquisition of works was carried out in the context of large international contemporary art fairs, where it was possible for the museum, as a public institution, to acquire works with its own funds and others from the Spanish Ministry of Culture. However, it is precisely the artists from the less represented areas who are not linked to art galleries and, therefore, are left out of these circulation circuits.<\/p>\n<p>In this context, curatorial practice and field research through residency modalities, for example, have strengthened the relationship between MNCARS and the local creative scenes of the areas less represented in its collection, increasing the visibility of those artists who have remained outside the traditional circuits of contemporary arts. The creation in 2012 of the Reina Sofia Museum Foundation came to consolidate this international linkage with special emphasis on Latin America. Since then, art historians, critics and collectors with a high level of knowledge of the territorial contexts have facilitated contact with local circuits by accompanying the museum&#8217;s team in field explorations. In relation to artists from Central America, such as Nicaragua, Panama, Honduras, El Salvador and Guatemala, a specific line of work was opened with the aim of strengthening research in that area, which also considers artists from the transition or entry period to abstract painting. The 2020 donation was a breakthrough for the museum&#8217;s collection and for the research project that was being carried out on the artistic movements that have emerged in Latin America since the 1960s, especially on Mesoamerican art and the creation of contemporary Mayan artists. Likewise, the creation of the service for the \u201cLatin American Art\u201d collection in 2023 has been, according to its coordinator, Suset Sanchez, the concrete result of all this field research and residencies that allow understanding the complete structure of the collection, its orientation, the discourses and contexts that support it and at the same time visualize the geographical and temporal spaces that have been omitted or silenced<sup class=\"modern-footnotes-footnote \" data-mfn=\"26\" data-mfn-post-scope=\"000000001f1b75d6000000005954200f_5346\"><a href=\"javascript:void(0)\"  role=\"button\" aria-pressed=\"false\" aria-describedby=\"mfn-content-000000001f1b75d6000000005954200f_5346-26\">26<\/a><\/sup><span id=\"mfn-content-000000001f1b75d6000000005954200f_5346-26\" role=\"tooltip\" class=\"modern-footnotes-footnote__note\" tabindex=\"0\" data-mfn=\"26\">Idem<\/span>.<\/p>\n<p>The works by Pichill\u00e1 that entered through Mario Cader-Frech&#8217;s donation to the MNCARS collection were three: \u201cAnudar y desanudar\u201d, made in 2015, \u201cQuipo\u201d and \u201cAbuelo\u201d, both from 2016.These works were part of a body of work by contemporary Mayan and Salvadoran artists that were grouped under the classification of \u201cArte Mesoamericano\u201d, and among them are Marilyn Boror, Benvenuto Chavajay and Manuel Chavajay, \u00c1ngel and Fernando Poy\u00f3n.<\/p>\n<p>It could be debatable, but several authors have noted how certain works can lose a degree of their political force once they enter museum collections<sup class=\"modern-footnotes-footnote \" data-mfn=\"27\" data-mfn-post-scope=\"000000001f1b75d6000000005954200f_5346\"><a href=\"javascript:void(0)\"  role=\"button\" aria-pressed=\"false\" aria-describedby=\"mfn-content-000000001f1b75d6000000005954200f_5346-27\">27<\/a><\/sup><span id=\"mfn-content-000000001f1b75d6000000005954200f_5346-27\" role=\"tooltip\" class=\"modern-footnotes-footnote__note\" tabindex=\"0\" data-mfn=\"27\">Hans Belting analyzes how the function of the museum can affect the perception and impact of works of art, suggesting that their inclusion in an institutional space can decontextualize their original message: \u201cThe museum not only preserves and exhibits, but also transforms the meaning of works of art, stripping them of their original context and, in many cases, their critical capacity.\u201d See Hans Belting, <em>El fin del museo. Una conversaci\u00f3n con Hans<\/em><em>\u202f<\/em><em>Ulrich<\/em><em>\u202f<\/em><em>Obrist<\/em>, Adriana Hidalgo Editora, Buenos Aires, 2007.<\/span>. Following this line of thought, it is possible to speculate that reactivating that political force would depend, in part, on how the works are exhibited, how often, in what context and under what historical circumstances, as well as on the dialogues they can establish with other works and with the artist. In the case of the works by Pichill\u00e1 donated to MNCARS, it is important to consider that they were part of the museographic proposal that the museum inaugurated in 2021, which reflected an institutional effort to transfer the curatorial reflections around them to the administrative structure that was taking charge of the institution&#8217;s new acquisitions. This was also intended to avoid the tendency of the collections to fetishize the works and turn them into static objects, putting them into circulation to provoke a link with the public that would unleash permanent reflections, re-readings and new processes of legitimization. Along these lines, the rearrangement of the MNCARS Permanent Collection under the title: \u201cVASOS COMUNICANTES Colecci\u00f3n 1881 \u2013 2021\u201d<\/p>\n<p style=\"padding-left: 80px;\">\u201c\u2026propone una nueva presentaci\u00f3n que no es la sucesi\u00f3n cronol\u00f3gica de los acontecimientos y obras, sino las relaciones y genealog\u00edas que desde el presente podemos tejer y desvelar. Se proponen, de este modo, ocho episodios tem\u00e1ticos que se abren a temporalidades flexibles y a enfoques interdisciplinares, y que pueden vincularse entre s\u00ed generando a su vez nuevos relatos\u201d<sup class=\"modern-footnotes-footnote \" data-mfn=\"28\" data-mfn-post-scope=\"000000001f1b75d6000000005954200f_5346\"><a href=\"javascript:void(0)\"  role=\"button\" aria-pressed=\"false\" aria-describedby=\"mfn-content-000000001f1b75d6000000005954200f_5346-28\">28<\/a><\/sup><span id=\"mfn-content-000000001f1b75d6000000005954200f_5346-28\" role=\"tooltip\" class=\"modern-footnotes-footnote__note\" tabindex=\"0\" data-mfn=\"28\">Museo Nacional Centro de Arte Reina Sofia, \u201cVasos Comunicantes Colecci\u00f3n 1881 \u2013 2021.\u201d Available in: <a href=\"https:\/\/www.museoreinasofia.es\/publicaciones\/vasos-comunicantes-coleccion-1881-2021\">https:\/\/www.museoreinasofia.es\/publicaciones\/vasos-comunicantes-coleccion-1881-2021<\/a>\u00a0<\/span>.<\/p>\n<p>One of the thematic episodes of this exhibition was <em>Dispositivo 92 \u00bfPuede la historia ser rebobinada?<\/em> (\u201c92 Device Can history be rewound?\u201d). Here the discourse was spun as a counter-narrative to the celebration of &#8217;92 as the fifth centennial of the \u201cdiscovery of America,\u201d articulating a critical reading through voices that had been silenced by official narratives, which was presented as a response or a historical version proper to Eurocentric modernity. Regarding this new presentation, the museum documents state that the objective had been to reflect a more critical view of 20th century art, reorganizing the collection and focusing it on narratives and experiences that spoke of the present through the common past, and to question the traditional views of modernity through feminist, decolonial and ecological approaches that showed a more heterogeneous and complex context<sup class=\"modern-footnotes-footnote \" data-mfn=\"29\" data-mfn-post-scope=\"000000001f1b75d6000000005954200f_5346\"><a href=\"javascript:void(0)\"  role=\"button\" aria-pressed=\"false\" aria-describedby=\"mfn-content-000000001f1b75d6000000005954200f_5346-29\">29<\/a><\/sup><span id=\"mfn-content-000000001f1b75d6000000005954200f_5346-29\" role=\"tooltip\" class=\"modern-footnotes-footnote__note\" tabindex=\"0\" data-mfn=\"29\">Idem<\/span>.<\/p>\n<p><a href=\"#_ftnref1\" name=\"_ftn1\"><\/a><\/p>\n<div id=\"attachment_4658\" style=\"width: 459px\" class=\"wp-caption aligncenter\"><img loading=\"lazy\" decoding=\"async\" aria-describedby=\"caption-attachment-4658\" class=\"wp-image-4658 \" src=\"https:\/\/www.ilposto.cl\/wp-content\/uploads\/2025\/09\/Imagen5-300x137.jpg\" alt=\"\" width=\"449\" height=\"205\" srcset=\"https:\/\/www.ilposto.cl\/wp-content\/uploads\/2025\/09\/Imagen5-300x137.jpg 300w, https:\/\/www.ilposto.cl\/wp-content\/uploads\/2025\/09\/Imagen5-1024x467.jpg 1024w, https:\/\/www.ilposto.cl\/wp-content\/uploads\/2025\/09\/Imagen5-150x68.jpg 150w, https:\/\/www.ilposto.cl\/wp-content\/uploads\/2025\/09\/Imagen5-768x350.jpg 768w, https:\/\/www.ilposto.cl\/wp-content\/uploads\/2025\/09\/Imagen5-1200x548.jpg 1200w, https:\/\/www.ilposto.cl\/wp-content\/uploads\/2025\/09\/Imagen5.jpg 1350w\" sizes=\"auto, (max-width: 449px) 100vw, 449px\" \/><p id=\"caption-attachment-4658\" class=\"wp-caption-text\"><strong>Fig. 5. <em>ABUELOS<\/em> (2016). DO03600, Museo Nacional Centro de Arte Reina Sofia<\/strong><\/p><\/div>\n<p>Of the three works by Pichill\u00e1 donated to MNCARS, two &#8211; \u201cAbuelo\u201d and \u201cQuipu\u201d &#8211; were put on display alongside other works by Maya artists such as Marilyn Boror, Edgar Calel, Benvenuto Chavajay and the brothers \u00c1ngel and Fernando Poy\u00f3n. \u201cQuipu\u201d was subsequently removed<sup class=\"modern-footnotes-footnote \" data-mfn=\"30\" data-mfn-post-scope=\"000000001f1b75d6000000005954200f_5346\"><a href=\"javascript:void(0)\"  role=\"button\" aria-pressed=\"false\" aria-describedby=\"mfn-content-000000001f1b75d6000000005954200f_5346-30\">30<\/a><\/sup><span id=\"mfn-content-000000001f1b75d6000000005954200f_5346-30\" role=\"tooltip\" class=\"modern-footnotes-footnote__note\" tabindex=\"0\" data-mfn=\"30\">According to the Museum&#8217;s work movement register, \u201cQuipu\u201d entered the warehouse in March 2023.<\/span> as part of a rotation of funds; instead, the work \u2018Grandfather\u2019 remains in room 002.17 of the Sabatini Building. Although for some critics, such as Alexia Tala, the mounting of these works only deepened the colonial gap by leaving all the Mayan artists together in the same room, without the possibility of dialoguing with other works and other discourses -as happened, for example, in the case of the Tate&#8217;s proposal in England-<sup class=\"modern-footnotes-footnote \" data-mfn=\"31\" data-mfn-post-scope=\"000000001f1b75d6000000005954200f_5346\"><a href=\"javascript:void(0)\"  role=\"button\" aria-pressed=\"false\" aria-describedby=\"mfn-content-000000001f1b75d6000000005954200f_5346-31\">31<\/a><\/sup><span id=\"mfn-content-000000001f1b75d6000000005954200f_5346-31\" role=\"tooltip\" class=\"modern-footnotes-footnote__note\" tabindex=\"0\" data-mfn=\"31\">Alexia Tala, interview conducted on December 17, 2024.<\/span>, for Pichill\u00e1 himself, the decision of how his works are exhibited in the museum corresponds to the institution. In addition, the artist assumes without major conflict that his incidence in this exhibition is not the same as in his individual exhibitions, where he arranges the works in the space according to his own artistic criteria. At this point it should be noted that Pichill\u00e1&#8217;s works have not only strengthened certain plastic expressions that are part of his philosophy of life, work and understanding of the world, but also seek a presence in the space that allows them to dialogue. In this sense, there is an artist&#8217;s awareness of the space and the installation that make up the discourse of an exhibition. That is why in his exhibitions the works are not placed in a linear fashion. As the artist says:<\/p>\n<p style=\"padding-left: 80px;\">\u201c&#8230;siempre trato de que ciertas obras est\u00e9n como un poco m\u00e1s arriba y otras que ocupen el piso, que est\u00e9n contado entre el cielo y la tierra, el inframundo. En mi trabajo, cuando se hace una exposici\u00f3n, yo uso mucho las esquinas, algo que casi no lo usan, o el mismo piso, por ejemplo, las obras que yo trabajo con piedras, no uso pedestal, no uso soporte, me interesa que la piedra est\u00e9 directamente con el piso, y se conectan con la naturaleza\u201d<sup class=\"modern-footnotes-footnote \" data-mfn=\"32\" data-mfn-post-scope=\"000000001f1b75d6000000005954200f_5346\"><a href=\"javascript:void(0)\"  role=\"button\" aria-pressed=\"false\" aria-describedby=\"mfn-content-000000001f1b75d6000000005954200f_5346-32\">32<\/a><\/sup><span id=\"mfn-content-000000001f1b75d6000000005954200f_5346-32\" role=\"tooltip\" class=\"modern-footnotes-footnote__note\" tabindex=\"0\" data-mfn=\"32\">Antonio Pichill\u00e1, interview conducted on December 19, 2024.<\/span>.<\/p>\n<p>Since joining the MNCARS collection, Antonio Pichill\u00e1&#8217;s international visibility has grown, which has translated, for example, into the interest of other institutions in acquiring his works, especially those produced between 2014 and 2020. In addition to the Museo Nacional Centro de Arte Reina Sof\u00eda, the art space Il Posto incorporated three works by the artist to its collection in 2021: two entitled \u201cKnot\u201d from 2016 and \u201cFuego\u201d from 2020. In addition, the TATE London has \u201cGrandfather\u201d from 2017, \u201cGrandmother\u201d from 2018, \u201cRoad\u201d from 2018 and \u201cKukulkan\u201d from 2017. And finally the MALBA in 2023 incorporates \u201cGrandfather\u201d from 2014 to its collection.<\/p>\n<p>The series \u201cGrandfather\u201d (2014 to 2020) and \u201cKnot\u201d (2010 to 2021) are the ones that have been of greatest interest to curators and collectors. Both are proposals that Pichill\u00e1 has been developing for several years, something that also shows a prolonged reflection on certain concepts and their materialization in different artistic proposals. They are emblematic works that embody important themes for the artist through different material and chromatic codes, using abstraction as an artistic language that distances itself from Western modernity to the extent that it is no longer posed within the framework of the well-known opposition between \u201cabstraction\u201d and \u201crepresentation\u201d, opening up a critical space of thought for Latin America. In the words of Cecilia Fajardo-Hill,<\/p>\n<p style=\"padding-left: 80px;\">\u201cse cuestiona la narrativa institucional del arte abstracto como una b\u00fasqueda monocultural y monol\u00edtica de &#8220;pureza&#8221; art\u00edstica para abarcar una noci\u00f3n de m\u00faltiples modernidades transculturales, donde la principal cualidad del arte abstracto es su apertura, y que es cr\u00edtico, h\u00edbrido, parcial, multidireccional, pluralista e intenta descentrar las convenciones de la representaci\u00f3n visual\u201d<sup class=\"modern-footnotes-footnote \" data-mfn=\"33\" data-mfn-post-scope=\"000000001f1b75d6000000005954200f_5346\"><a href=\"javascript:void(0)\"  role=\"button\" aria-pressed=\"false\" aria-describedby=\"mfn-content-000000001f1b75d6000000005954200f_5346-33\">33<\/a><\/sup><span id=\"mfn-content-000000001f1b75d6000000005954200f_5346-33\" role=\"tooltip\" class=\"modern-footnotes-footnote__note\" tabindex=\"0\" data-mfn=\"33\">Cecilia Fajardo-Hill, \u201cAbstracciones significativas\u201d, in <em>ArtNexus <\/em>92, 2014. Available in: <a href=\"https:\/\/www.artnexus.com\/en\/magazines\/article-magazine\/5d6415e590cc21cf7c0a3d69\/92\/meaningful-abstractions\">https:\/\/www.artnexus.com\/en\/magazines\/article-magazine\/5d6415e590cc21cf7c0a3d69\/92\/meaningful-abstractions<\/a>.<\/span><em>.<\/em><\/p>\n<p>Although the possibility of entering the collection of a contemporary art museum outside Guatemala could be seen in itself as an achievement, for Pichill\u00e1 this milestone awakened the need to activate his relationship with the galleries that, in his own words, mobilize his work and allow him to hold solo exhibitions with more frequency and validity. Leaving the autonomous work and being represented by these agents has allowed her, on the other hand, to access the circuits of the most important international fairs and biennials, delegating a large part of the administrative management of these processes.<\/p>\n<p>In 2023, the Elvira Moreno Gallery of Colombia was the first to represent Pichill\u00e1, also holding a solo exhibition of the artist, called &#8220;Ximoneem K&#8217;in Soloneem&#8221; (&#8220;Knotting and Unknotting&#8221;). The Luciana Brito Gallery of Sao Paulo and Portas Vilaseca Gallery of Rio de Janeiro in Brazil and Elizabeth Xi Bauer of London, who exhibited the show entitled \u201cIn Front of the Lake\u201d in 2023, joined the group. And for this year 2025, Pichill\u00e1 is preparing his exhibition at ARCO Madrid with Memoria Gallery. Thus, in less than two years, the artist has been formally linked with 5 galleries, which has allowed him to mobilize his creations -especially in those countries where they have acquired his work- and also to participate in fairs and biennials. This shows the importance of the international circulation of work for artistic validation, especially for an artist living in an isolated region. As Pichill\u00e1 says: \u201cI don&#8217;t live in London, I don&#8217;t live in New York, I live in Guatemala, in Central America and I don&#8217;t live in Guatemala City, I live 4 hours away, in a village, and the realities are different, so I am aware of that\u201d<sup class=\"modern-footnotes-footnote \" data-mfn=\"34\" data-mfn-post-scope=\"000000001f1b75d6000000005954200f_5346\"><a href=\"javascript:void(0)\"  role=\"button\" aria-pressed=\"false\" aria-describedby=\"mfn-content-000000001f1b75d6000000005954200f_5346-34\">34<\/a><\/sup><span id=\"mfn-content-000000001f1b75d6000000005954200f_5346-34\" role=\"tooltip\" class=\"modern-footnotes-footnote__note\" tabindex=\"0\" data-mfn=\"34\">Antonio Pichill\u00e1, interview conducted on December 19, 2024.<\/span>.<\/p>\n<div id=\"attachment_4657\" style=\"width: 439px\" class=\"wp-caption aligncenter\"><img loading=\"lazy\" decoding=\"async\" aria-describedby=\"caption-attachment-4657\" class=\"wp-image-4657 \" src=\"https:\/\/www.ilposto.cl\/wp-content\/uploads\/2025\/09\/Imagen6-300x200.jpg\" alt=\"\" width=\"429\" height=\"286\" srcset=\"https:\/\/www.ilposto.cl\/wp-content\/uploads\/2025\/09\/Imagen6-300x200.jpg 300w, https:\/\/www.ilposto.cl\/wp-content\/uploads\/2025\/09\/Imagen6-150x100.jpg 150w, https:\/\/www.ilposto.cl\/wp-content\/uploads\/2025\/09\/Imagen6.jpg 480w\" sizes=\"auto, (max-width: 429px) 100vw, 429px\" \/><p id=\"caption-attachment-4657\" class=\"wp-caption-text\"><strong>Fig. 6. <em>Enfrente del Lago<\/em> (2023). Galer\u00eda Elizabeth Xi Bauer<\/strong><\/p><\/div>\n<p><strong>Current museological perspectives on contemporary indigenous artwork<\/strong><\/p>\n<p>Since the second half of the 20th century, artists have ceded part of their protagonism to other agents of the art world. The figure of the curator, for example, acquires special relevance when exhibitions are installed as the generators of artistic discourses and is essential for the study of art history, without neglecting the relationship of the work with the physical and discursive spaces of its exhibition, which have had to be transformed to respond to these challenges<sup class=\"modern-footnotes-footnote \" data-mfn=\"35\" data-mfn-post-scope=\"000000001f1b75d6000000005954200f_5346\"><a href=\"javascript:void(0)\"  role=\"button\" aria-pressed=\"false\" aria-describedby=\"mfn-content-000000001f1b75d6000000005954200f_5346-35\">35<\/a><\/sup><span id=\"mfn-content-000000001f1b75d6000000005954200f_5346-35\" role=\"tooltip\" class=\"modern-footnotes-footnote__note\" tabindex=\"0\" data-mfn=\"35\">Ana Maria Guash, <em>El arte del s. XX en sus exposiciones. 1945 \u2013 2007<\/em>, Ediciones del Serbal, Espa\u00f1a, 2009, p. 270.<\/span>.<\/p>\n<p>This displacement has been approached from the perspective of museology by Claire Bishop, who accounts for the passage from a nineteenth-century model of the museum as an institution of elite culture to one that situates it as a populist temple of leisure and entertainment. Between these extremes, Bishop situates certain museological practices that have incorporated an art historical method in which contemporaneity is positioned as a dialectical discursive category that exposes and confronts arguments to rethink its relationship with history and approach the social and political urgencies that seek to alter the current relativistic pluralism where any belief is valid<sup class=\"modern-footnotes-footnote \" data-mfn=\"36\" data-mfn-post-scope=\"000000001f1b75d6000000005954200f_5346\"><a href=\"javascript:void(0)\"  role=\"button\" aria-pressed=\"false\" aria-describedby=\"mfn-content-000000001f1b75d6000000005954200f_5346-36\">36<\/a><\/sup><span id=\"mfn-content-000000001f1b75d6000000005954200f_5346-36\" role=\"tooltip\" class=\"modern-footnotes-footnote__note\" tabindex=\"0\" data-mfn=\"36\">Claire Bishop,<em> Radical Museology, or, \u00bfWhat\u2019s \u2018Contemporary\u2019 in Museums of Contemporary Art?,<\/em>\u00a0 Koenig Books, London, 2013, p. 9.<\/span>. One of the cases addressed by this author is precisely that of the Museo Nacional Centro de Arte Reina Sof\u00eda, as a space where practices have been developed that have proposed to connect the artistic with a broader field of visual experience and where the viewer is presented with arguments and positions that can be questioned. Bishop uses the concept of \u201cconstellation\u201d as part of the curatorial writing, through which the museum can even question the categorization of the work of art as \u201cdocumentation\u201d and thereby validate the multiple readings that can occur in the exhibition context, as in the case of the current exhibition of the MNCARS collection.<\/p>\n<p>MNCARS continually revises its categories and questions the taxonomies it uses. The reformulation of its permanent collection in 2021, as well as the one now being prepared for the year 2026, aims to make room for the exhibition of new acquisitions, especially those that have been the subject of research. For the museum, the presence of works like those by Pichill\u00e1 and other contemporary Mayan artists in its permanent exhibition responds to a juncture in which there has been greater representation of Latin American artists but in which, nevertheless, it is still a novelty to find voices and aesthetic proposals of contemporary artists who are part of indigenous traditions or cosmogonies that have not been exhibited in Spain. That is why it has been necessary to explain in this tour certain conditioning factors of the social and political contexts where these aesthetic proposals emerge.<\/p>\n<p>This first museographic proposal we have analyzed, however, is already being revised to give way to a new reordering that will be inaugurated in March 2026<sup class=\"modern-footnotes-footnote \" data-mfn=\"37\" data-mfn-post-scope=\"000000001f1b75d6000000005954200f_5346\"><a href=\"javascript:void(0)\"  role=\"button\" aria-pressed=\"false\" aria-describedby=\"mfn-content-000000001f1b75d6000000005954200f_5346-37\">37<\/a><\/sup><span id=\"mfn-content-000000001f1b75d6000000005954200f_5346-37\" role=\"tooltip\" class=\"modern-footnotes-footnote__note\" tabindex=\"0\" data-mfn=\"37\">Suset S\u00e1nchez, interview conducted on November 28, 2024.<\/span> and where it is proposed to move towards a distribution that manages to trace more linked stories, more transversal, and where artists from different Latin American contexts are in dialogue simultaneously with Spanish artists and artists from other latitudes. In this way, it is also intended to break away from watertight compartments and specific case studies to talk in a more fluid way about the interrelation of diverse practices, which will surely lead to the exhibition of new works from other funds.<\/p>\n<p>What could happen then with the works donated to MNCARS in 2021? Museums must be alert to the phagocytic effect that the art system and institutions can have on their collections, even more so when faced with the colonialist threat that prevents the visibility of certain objects and the active transfer that enables the consolidation of contemporary artistic practices. For MNCARS, especially as a public institution, it is important to sustain a continuous epistemological critique that allows them to know how to operate, how to treat and, above all, how to provide feedback to the communities of origin of the artists that are part of its collection. At the same time, the institution must be very conscious of avoiding capitalist pressures and profitability, while also respecting the times, procedures and diversity of working methodologies of the artists.<\/p>\n<p>It is worth asking, then, if it is the artists who are questioning the traditional hegemonic discourses by joining museum collections, thus displacing the traditional canon, or if it is the art institutions that have induced artists to adopt certain concepts in order to become part of the system and thus legitimize a contemporary discourse that appears to be diverse, inclusive or anti-hegemonic. For Beatriz Robledo, deputy director of the Museo de America in Madrid, museums are at the center of this debate and have become spaces of political action where the shaping of the image of the world we want is at stake. The reorganization of the system of relations between cultures and societies is an uncomfortable process typical of the postcolonial era that has made it possible to question the world order that museums themselves once helped to legitimize. However, today it seems that the incorporation of artworks from indigenous horizons only seems to be forcing artists to go through the archetypal models of what is or is not art, forcing them to enter into a dynamic that is not their own and risking their creative freedom<sup class=\"modern-footnotes-footnote \" data-mfn=\"38\" data-mfn-post-scope=\"000000001f1b75d6000000005954200f_5346\"><a href=\"javascript:void(0)\"  role=\"button\" aria-pressed=\"false\" aria-describedby=\"mfn-content-000000001f1b75d6000000005954200f_5346-38\">38<\/a><\/sup><span id=\"mfn-content-000000001f1b75d6000000005954200f_5346-38\" role=\"tooltip\" class=\"modern-footnotes-footnote__note\" tabindex=\"0\" data-mfn=\"38\">Beatriz Robledo, interview conducted on October 15, 2024.<\/span>.<\/p>\n<p>On the other hand, for Cristian Vargas, researcher and curator of Chilean indigenous art, the issue has more to do with the strategies museums have implemented to address the colonial issue and its legacies. One of them is the acquisition of works by contemporary indigenous artists understood as a gesture of reparation that stems from a review of their own collections and the identification of certain gaps in a sort of \u201ccritical museology of their own institution\u201d. Another line of work can be a deeper decolonizing policy that does not only respond to the revision of the collections, but rather to a will to incorporate new visions to the internal policies of the institution and that also promotes the integration of indigenous people in its work teams, since talking about indigenous contemporary art implies dealing with living artists and contemplating them for registration and exhibition proposals<sup class=\"modern-footnotes-footnote \" data-mfn=\"39\" data-mfn-post-scope=\"000000001f1b75d6000000005954200f_5346\"><a href=\"javascript:void(0)\"  role=\"button\" aria-pressed=\"false\" aria-describedby=\"mfn-content-000000001f1b75d6000000005954200f_5346-39\">39<\/a><\/sup><span id=\"mfn-content-000000001f1b75d6000000005954200f_5346-39\" role=\"tooltip\" class=\"modern-footnotes-footnote__note\" tabindex=\"0\" data-mfn=\"39\">Cristian Vargas, interview conducted on December 9, 2024.<\/span>.<\/p>\n<p>Working with works that come from non-Western horizons requires museums to rethink their procedures and mechanisms of management, acquisition, conservation and, of course, registration and cataloging, so that they can move towards structural changes that allow them to treat these works with material and immaterial respect<sup class=\"modern-footnotes-footnote \" data-mfn=\"40\" data-mfn-post-scope=\"000000001f1b75d6000000005954200f_5346\"><a href=\"javascript:void(0)\"  role=\"button\" aria-pressed=\"false\" aria-describedby=\"mfn-content-000000001f1b75d6000000005954200f_5346-40\">40<\/a><\/sup><span id=\"mfn-content-000000001f1b75d6000000005954200f_5346-40\" role=\"tooltip\" class=\"modern-footnotes-footnote__note\" tabindex=\"0\" data-mfn=\"40\">In this context it is worth mentioning the case of the custody by the Tate Museum in London of the ceremonial installation by Edgar Calel, one of the contemporary Mayan artists of the generation of Pichill\u00e1, this agreement modifies the administrative language of the institution from which the collection is organized, and which also sets a precedent in the form of relationship between museums and works that come from other cosmogonies, and where the material and ritual value of the work that will remain in custody for 13 years is recognized. Although in the traditional and modern European language of these institutions it is a deposit, the legal texts include how the work is administered and how it must be treated within the museum space, considering the traditions from which these artists come, which from every point of view is far from how a canvas of a painter trained in a European academic tradition is treated.<\/span>. In this regard, it is essential to transcend the purely aesthetic language and incorporate into the record of the works the knowledge linked to the manufacturing processes, the relationship with the landscape and so many other elements that have been related to the crafts and therefore have been excluded, even in the case of these works that, being contemporary art, coexist with that symbolic universe that often does not recognize the limits imposed by academic definitions.<\/p>\n<p><a href=\"#_ftnref1\" name=\"_ftn1\"><\/a><a href=\"#_ftnref3\" name=\"_ftn3\"><\/a><\/p>\n<div id=\"attachment_4656\" style=\"width: 391px\" class=\"wp-caption aligncenter\"><img loading=\"lazy\" decoding=\"async\" aria-describedby=\"caption-attachment-4656\" class=\"wp-image-4656 \" src=\"https:\/\/www.ilposto.cl\/wp-content\/uploads\/2025\/09\/Imagen7-300x170.png\" alt=\"\" width=\"381\" height=\"216\" srcset=\"https:\/\/www.ilposto.cl\/wp-content\/uploads\/2025\/09\/Imagen7-300x170.png 300w, https:\/\/www.ilposto.cl\/wp-content\/uploads\/2025\/09\/Imagen7-150x85.png 150w, https:\/\/www.ilposto.cl\/wp-content\/uploads\/2025\/09\/Imagen7.png 430w\" sizes=\"auto, (max-width: 381px) 100vw, 381px\" \/><p id=\"caption-attachment-4656\" class=\"wp-caption-text\"><strong>Fig. 7. Estudio de Antonio Pichill\u00e1, San Pedro La Laguna, Lago Atitl\u00e1n, Guatemala<\/strong><\/p><\/div>\n<p><strong>Final words<\/strong><\/p>\n<p>The case of Pichill\u00e1 as part of the Central American contemporary art scene shows a shift in relation to the importance of international circulation for artistic validation, since, although it does not deny it completely, it does modify the role of the agents and especially that of the artist himself in the development of the exhibitions and the links that take place in the contemporary art field. To sustain the origin, understood not only as the place where the artist lives, but rather as the symbolic charge of coming from a Mayan culture, becomes the strength of that discourse that is projected in his work and that finally opens and modifies the art system to make a place for himself.<\/p>\n<p>Beyond his works, Pichill\u00e1&#8217;s position in the world has challenged the art system and with it also the museums as institutions, which have had to rethink the themes they address, review their collections and also the hierarchies imposed by the forms of registration and the typologies they use, where the biases of a hegemonic gaze still exist.<\/p>\n<p>&nbsp;<\/p>\n<p><strong>Bibliography<\/strong><\/p>\n<p>Claire Bishop, <em>Radical Museology<\/em>, Koening Books, London, 2013.<\/p>\n<p>Jos\u00e9 Luis Bolndet, \u201c19 Bienal de Arte Paiz\u201d, in <em>ARTNexus<\/em> 95, 2015. Available in: <a href=\"https:\/\/www.artnexus.com\/es\/magazines\/article-magazine-artnexus\/5d641d3790cc21cf7c0a418c\/95\/19-bienal-de-arte-paiz\">https:\/\/www.artnexus.com\/es\/magazines\/article-magazine-artnexus\/5d641d3790cc21cf7c0a418c\/95\/19-bienal-de-arte-paiz<\/a><\/p>\n<p>Rosina Cazali, \u201c22\u00b0 Bienal de Arte Paiz. Un recorrido entre el silencio y el peso de las palabras\u201d, in <em>Artishock<\/em>, June 29 2021. Available in: <a href=\"https:\/\/artishockrevista.com\/2021\/06\/29\/22-bienal-arte-paiz-guatemala-resena\/\">https:\/\/artishockrevista.com\/2021\/06\/29\/22-bienal-arte-paiz-guatemala-resena\/<\/a><\/p>\n<p>Rosina Cazali, \u201cArte contempor\u00e1neo en Guatemala\u201d, in <em>ArtNexus <\/em>32, 1999. Available in: <a href=\"https:\/\/www.artnexus.com\/es\/magazines\/article-magazine-artnexus\/63e17e6306e458aa6cb6ec7e\/32\/contemporary-art-in-guatemala\">https:\/\/www.artnexus.com\/es\/magazines\/article-magazine-artnexus\/63e17e6306e458aa6cb6ec7e\/32\/contemporary-art-in-guatemala<\/a><\/p>\n<p>Cecilia Fajardo-Hill, \u201cAntonio Pichill\u00e1: PAJCH\u2019UN Q\u2019IIN, XAMALIL K\u2019IN KIROONEEM SOLOONEEM\u201c, in <em>Artishock<\/em>, April 4, 2022. Available in: \u00a0\u00a0\u00a0\u00a0\u00a0<a href=\"https:\/\/artishockrevista.com\/2022\/04\/04\/antonio-pichilla-la-nueva-fabrica\/\">https:\/\/artishockrevista.com\/2022\/04\/04\/antonio-pichilla-la-nueva-fabrica\/<\/a><\/p>\n<p>Cecilia Fajardo-Hill, \u201cAbstracciones significativas\u201d, in <em>ArtNexus <\/em>92, 2014. Available in: <a href=\"https:\/\/www.artnexus.com\/en\/magazines\/article-magazine\/5d6415e590cc21cf7c0a3d69\/92\/meaningful-abstractions\">https:\/\/www.artnexus.com\/en\/magazines\/article-magazine\/5d6415e590cc21cf7c0a3d69\/92\/meaningful-abstractions<\/a>.<\/p>\n<p>Galer\u00eda Extra, Antonio Pichill\u00e1\u2019s Dossier, 2018.<\/p>\n<p>Ana Maria Guasch, <em>El arte del s. XX en sus exposiciones. 1945 \u2013 2007<\/em>, Ediciones del Serbal, Espa\u00f1a, 2009.<\/p>\n<p>Museo Nacional Centro de Arte Reina Sofia, \u201cVasos Comunicantes Colecci\u00f3n 1881 \u2013 2021.\u201d Available in: <a href=\"https:\/\/www.museoreinasofia.es\/publicaciones\/vasos-comunicantes-coleccion-1881-2021\">https:\/\/www.museoreinasofia.es\/publicaciones\/vasos-comunicantes-coleccion-1881-2021<\/a><\/p>\n<p>Maria Jacinta Xon, \u201cDel may\u00e1metro al ladin\u00f3metro, Saberes Podcast\u201d, 2023. Available in: <a href=\"https:\/\/www.youtube.com\/watch?v=LZ58Hi4xl0o\">https:\/\/www.youtube.com\/watch?v=LZ58Hi4xl0o<\/a>.<\/p>\n<p>&nbsp;<\/p>\n<p><strong>\u00a0<\/strong><\/p>\n<p style=\"text-align: center;\"><strong>Appendices<\/strong><\/p>\n<p><strong>Solo exhibitions by Antonio Pichill\u00e1<\/strong><\/p>\n<p><img loading=\"lazy\" decoding=\"async\" class=\"alignnone wp-image-4662\" src=\"https:\/\/www.ilposto.cl\/wp-content\/uploads\/2025\/09\/Anexo-1-300x267.png\" alt=\"\" width=\"452\" height=\"402\" srcset=\"https:\/\/www.ilposto.cl\/wp-content\/uploads\/2025\/09\/Anexo-1-300x267.png 300w, https:\/\/www.ilposto.cl\/wp-content\/uploads\/2025\/09\/Anexo-1-150x134.png 150w, https:\/\/www.ilposto.cl\/wp-content\/uploads\/2025\/09\/Anexo-1.png 589w\" sizes=\"auto, (max-width: 452px) 100vw, 452px\" \/><\/p>\n<p>&nbsp;<\/p>\n<p><strong>Acquisition of works by Antonio Pichill\u00e1 in international museums<\/strong><\/p>\n<p><img loading=\"lazy\" decoding=\"async\" class=\"alignnone wp-image-4663\" src=\"https:\/\/www.ilposto.cl\/wp-content\/uploads\/2025\/09\/Anexo-2-300x54.png\" alt=\"\" width=\"550\" height=\"99\" srcset=\"https:\/\/www.ilposto.cl\/wp-content\/uploads\/2025\/09\/Anexo-2-300x54.png 300w, https:\/\/www.ilposto.cl\/wp-content\/uploads\/2025\/09\/Anexo-2-150x27.png 150w, https:\/\/www.ilposto.cl\/wp-content\/uploads\/2025\/09\/Anexo-2.png 561w\" sizes=\"auto, (max-width: 550px) 100vw, 550px\" \/><\/p>\n<p>&nbsp;<\/p>\n<p><a href=\"#_ftnref2\" name=\"_ftn2\"><\/a><\/p>\n<p>&nbsp;<\/p>\n<p>&nbsp;<\/p>\n","protected":false},"excerpt":{"rendered":"<p>Text by Tania Salazar written as part of the Il Posto Research Grant (Spring 2024 Call) addressing the work of Guatemalan artist Antonio Pichill\u00e1.<\/p>\n","protected":false},"featured_media":0,"template":"","meta":{"_acf_changed":false},"categories":[40],"class_list":["post-5346","texto","type-texto","status-publish","hentry","category-research-grant"],"acf":[],"yoast_head":"<!-- This site is optimized with the Yoast SEO plugin v26.1.1 - https:\/\/yoast.com\/wordpress\/plugins\/seo\/ -->\n<title>Antonio Pichill\u00e1 and his impact on the conceptualization of Latin American identities, from the perspective of circulation - IL Posto<\/title>\n<meta name=\"robots\" content=\"index, follow, max-snippet:-1, max-image-preview:large, max-video-preview:-1\" \/>\n<link rel=\"canonical\" href=\"https:\/\/www.ilposto.cl\/en\/text\/antonio-pichilla-y-su-incidencia-en-la-conceptualizacion-de-las-identidades-latinoamericanas-desde-la-perspectiva-de-la-circulacion\/\" \/>\n<meta property=\"og:locale\" content=\"en_US\" \/>\n<meta property=\"og:type\" content=\"article\" \/>\n<meta property=\"og:title\" content=\"Antonio Pichill\u00e1 and his impact on the conceptualization of Latin American identities, from the perspective of circulation - IL Posto\" \/>\n<meta property=\"og:description\" content=\"Text by Tania Salazar written as part of the Il Posto Research Grant (Spring 2024 Call) addressing the work of Guatemalan artist Antonio Pichill\u00e1.\" \/>\n<meta property=\"og:url\" content=\"https:\/\/www.ilposto.cl\/en\/text\/antonio-pichilla-y-su-incidencia-en-la-conceptualizacion-de-las-identidades-latinoamericanas-desde-la-perspectiva-de-la-circulacion\/\" \/>\n<meta property=\"og:site_name\" content=\"IL Posto\" \/>\n<meta property=\"article:modified_time\" content=\"2025-10-29T17:44:21+00:00\" \/>\n<meta property=\"og:image\" content=\"https:\/\/www.ilposto.cl\/wp-content\/uploads\/2025\/09\/Fig1-picbhilla.jpg\" \/>\n\t<meta property=\"og:image:width\" content=\"288\" \/>\n\t<meta property=\"og:image:height\" content=\"379\" \/>\n\t<meta property=\"og:image:type\" content=\"image\/jpeg\" \/>\n<meta name=\"twitter:card\" content=\"summary_large_image\" \/>\n<meta name=\"twitter:label1\" content=\"Est. reading time\" \/>\n\t<meta name=\"twitter:data1\" content=\"33 minutes\" \/>\n<script type=\"application\/ld+json\" class=\"yoast-schema-graph\">{\"@context\":\"https:\/\/schema.org\",\"@graph\":[{\"@type\":\"WebPage\",\"@id\":\"https:\/\/www.ilposto.cl\/en\/text\/antonio-pichilla-y-su-incidencia-en-la-conceptualizacion-de-las-identidades-latinoamericanas-desde-la-perspectiva-de-la-circulacion\/\",\"url\":\"https:\/\/www.ilposto.cl\/en\/text\/antonio-pichilla-y-su-incidencia-en-la-conceptualizacion-de-las-identidades-latinoamericanas-desde-la-perspectiva-de-la-circulacion\/\",\"name\":\"Antonio Pichill\u00e1 and his impact on the conceptualization of Latin American identities, from the perspective of circulation - IL Posto\",\"isPartOf\":{\"@id\":\"https:\/\/www.ilposto.cl\/en\/#website\"},\"primaryImageOfPage\":{\"@id\":\"https:\/\/www.ilposto.cl\/en\/text\/antonio-pichilla-y-su-incidencia-en-la-conceptualizacion-de-las-identidades-latinoamericanas-desde-la-perspectiva-de-la-circulacion\/#primaryimage\"},\"image\":{\"@id\":\"https:\/\/www.ilposto.cl\/en\/text\/antonio-pichilla-y-su-incidencia-en-la-conceptualizacion-de-las-identidades-latinoamericanas-desde-la-perspectiva-de-la-circulacion\/#primaryimage\"},\"thumbnailUrl\":\"https:\/\/www.ilposto.cl\/wp-content\/uploads\/2025\/09\/Fig1-picbhilla-228x300.jpg\",\"datePublished\":\"2025-09-23T15:44:22+00:00\",\"dateModified\":\"2025-10-29T17:44:21+00:00\",\"breadcrumb\":{\"@id\":\"https:\/\/www.ilposto.cl\/en\/text\/antonio-pichilla-y-su-incidencia-en-la-conceptualizacion-de-las-identidades-latinoamericanas-desde-la-perspectiva-de-la-circulacion\/#breadcrumb\"},\"inLanguage\":\"en-US\",\"potentialAction\":[{\"@type\":\"ReadAction\",\"target\":[\"https:\/\/www.ilposto.cl\/en\/text\/antonio-pichilla-y-su-incidencia-en-la-conceptualizacion-de-las-identidades-latinoamericanas-desde-la-perspectiva-de-la-circulacion\/\"]}]},{\"@type\":\"ImageObject\",\"inLanguage\":\"en-US\",\"@id\":\"https:\/\/www.ilposto.cl\/en\/text\/antonio-pichilla-y-su-incidencia-en-la-conceptualizacion-de-las-identidades-latinoamericanas-desde-la-perspectiva-de-la-circulacion\/#primaryimage\",\"url\":\"https:\/\/www.ilposto.cl\/wp-content\/uploads\/2025\/09\/Fig1-picbhilla-228x300.jpg\",\"contentUrl\":\"https:\/\/www.ilposto.cl\/wp-content\/uploads\/2025\/09\/Fig1-picbhilla-228x300.jpg\"},{\"@type\":\"BreadcrumbList\",\"@id\":\"https:\/\/www.ilposto.cl\/en\/text\/antonio-pichilla-y-su-incidencia-en-la-conceptualizacion-de-las-identidades-latinoamericanas-desde-la-perspectiva-de-la-circulacion\/#breadcrumb\",\"itemListElement\":[{\"@type\":\"ListItem\",\"position\":1,\"name\":\"Portada\",\"item\":\"https:\/\/www.ilposto.cl\/en\/\"},{\"@type\":\"ListItem\",\"position\":2,\"name\":\"Antonio Pichill\u00e1 and his impact on the conceptualization of Latin American identities, from the perspective of circulation\"}]},{\"@type\":\"WebSite\",\"@id\":\"https:\/\/www.ilposto.cl\/en\/#website\",\"url\":\"https:\/\/www.ilposto.cl\/en\/\",\"name\":\"IL Posto\",\"description\":\"Another Wordpress site\",\"potentialAction\":[{\"@type\":\"SearchAction\",\"target\":{\"@type\":\"EntryPoint\",\"urlTemplate\":\"https:\/\/www.ilposto.cl\/en\/?s={search_term_string}\"},\"query-input\":{\"@type\":\"PropertyValueSpecification\",\"valueRequired\":true,\"valueName\":\"search_term_string\"}}],\"inLanguage\":\"en-US\"}]}<\/script>\n<!-- \/ Yoast SEO plugin. -->","yoast_head_json":{"title":"Antonio Pichill\u00e1 and his impact on the conceptualization of Latin American identities, from the perspective of circulation - IL Posto","robots":{"index":"index","follow":"follow","max-snippet":"max-snippet:-1","max-image-preview":"max-image-preview:large","max-video-preview":"max-video-preview:-1"},"canonical":"https:\/\/www.ilposto.cl\/en\/text\/antonio-pichilla-y-su-incidencia-en-la-conceptualizacion-de-las-identidades-latinoamericanas-desde-la-perspectiva-de-la-circulacion\/","og_locale":"en_US","og_type":"article","og_title":"Antonio Pichill\u00e1 and his impact on the conceptualization of Latin American identities, from the perspective of circulation - IL Posto","og_description":"Text by Tania Salazar written as part of the Il Posto Research Grant (Spring 2024 Call) addressing the work of Guatemalan artist Antonio Pichill\u00e1.","og_url":"https:\/\/www.ilposto.cl\/en\/text\/antonio-pichilla-y-su-incidencia-en-la-conceptualizacion-de-las-identidades-latinoamericanas-desde-la-perspectiva-de-la-circulacion\/","og_site_name":"IL Posto","article_modified_time":"2025-10-29T17:44:21+00:00","og_image":[{"width":288,"height":379,"url":"https:\/\/www.ilposto.cl\/wp-content\/uploads\/2025\/09\/Fig1-picbhilla.jpg","type":"image\/jpeg"}],"twitter_card":"summary_large_image","twitter_misc":{"Est. reading time":"33 minutes"},"schema":{"@context":"https:\/\/schema.org","@graph":[{"@type":"WebPage","@id":"https:\/\/www.ilposto.cl\/en\/text\/antonio-pichilla-y-su-incidencia-en-la-conceptualizacion-de-las-identidades-latinoamericanas-desde-la-perspectiva-de-la-circulacion\/","url":"https:\/\/www.ilposto.cl\/en\/text\/antonio-pichilla-y-su-incidencia-en-la-conceptualizacion-de-las-identidades-latinoamericanas-desde-la-perspectiva-de-la-circulacion\/","name":"Antonio Pichill\u00e1 and his impact on the conceptualization of Latin American identities, from the perspective of circulation - IL Posto","isPartOf":{"@id":"https:\/\/www.ilposto.cl\/en\/#website"},"primaryImageOfPage":{"@id":"https:\/\/www.ilposto.cl\/en\/text\/antonio-pichilla-y-su-incidencia-en-la-conceptualizacion-de-las-identidades-latinoamericanas-desde-la-perspectiva-de-la-circulacion\/#primaryimage"},"image":{"@id":"https:\/\/www.ilposto.cl\/en\/text\/antonio-pichilla-y-su-incidencia-en-la-conceptualizacion-de-las-identidades-latinoamericanas-desde-la-perspectiva-de-la-circulacion\/#primaryimage"},"thumbnailUrl":"https:\/\/www.ilposto.cl\/wp-content\/uploads\/2025\/09\/Fig1-picbhilla-228x300.jpg","datePublished":"2025-09-23T15:44:22+00:00","dateModified":"2025-10-29T17:44:21+00:00","breadcrumb":{"@id":"https:\/\/www.ilposto.cl\/en\/text\/antonio-pichilla-y-su-incidencia-en-la-conceptualizacion-de-las-identidades-latinoamericanas-desde-la-perspectiva-de-la-circulacion\/#breadcrumb"},"inLanguage":"en-US","potentialAction":[{"@type":"ReadAction","target":["https:\/\/www.ilposto.cl\/en\/text\/antonio-pichilla-y-su-incidencia-en-la-conceptualizacion-de-las-identidades-latinoamericanas-desde-la-perspectiva-de-la-circulacion\/"]}]},{"@type":"ImageObject","inLanguage":"en-US","@id":"https:\/\/www.ilposto.cl\/en\/text\/antonio-pichilla-y-su-incidencia-en-la-conceptualizacion-de-las-identidades-latinoamericanas-desde-la-perspectiva-de-la-circulacion\/#primaryimage","url":"https:\/\/www.ilposto.cl\/wp-content\/uploads\/2025\/09\/Fig1-picbhilla-228x300.jpg","contentUrl":"https:\/\/www.ilposto.cl\/wp-content\/uploads\/2025\/09\/Fig1-picbhilla-228x300.jpg"},{"@type":"BreadcrumbList","@id":"https:\/\/www.ilposto.cl\/en\/text\/antonio-pichilla-y-su-incidencia-en-la-conceptualizacion-de-las-identidades-latinoamericanas-desde-la-perspectiva-de-la-circulacion\/#breadcrumb","itemListElement":[{"@type":"ListItem","position":1,"name":"Portada","item":"https:\/\/www.ilposto.cl\/en\/"},{"@type":"ListItem","position":2,"name":"Antonio Pichill\u00e1 and his impact on the conceptualization of Latin American identities, from the perspective of circulation"}]},{"@type":"WebSite","@id":"https:\/\/www.ilposto.cl\/en\/#website","url":"https:\/\/www.ilposto.cl\/en\/","name":"IL Posto","description":"Another Wordpress site","potentialAction":[{"@type":"SearchAction","target":{"@type":"EntryPoint","urlTemplate":"https:\/\/www.ilposto.cl\/en\/?s={search_term_string}"},"query-input":{"@type":"PropertyValueSpecification","valueRequired":true,"valueName":"search_term_string"}}],"inLanguage":"en-US"}]}},"_links":{"self":[{"href":"https:\/\/www.ilposto.cl\/en\/wp-json\/wp\/v2\/texto\/5346","targetHints":{"allow":["GET"]}}],"collection":[{"href":"https:\/\/www.ilposto.cl\/en\/wp-json\/wp\/v2\/texto"}],"about":[{"href":"https:\/\/www.ilposto.cl\/en\/wp-json\/wp\/v2\/types\/texto"}],"wp:attachment":[{"href":"https:\/\/www.ilposto.cl\/en\/wp-json\/wp\/v2\/media?parent=5346"}],"wp:term":[{"taxonomy":"category","embeddable":true,"href":"https:\/\/www.ilposto.cl\/en\/wp-json\/wp\/v2\/categories?post=5346"}],"curies":[{"name":"wp","href":"https:\/\/api.w.org\/{rel}","templated":true}]}}