{"id":5293,"date":"2025-01-09T13:44:58","date_gmt":"2025-01-09T16:44:58","guid":{"rendered":"https:\/\/www.ilposto.cl\/video\/gaston-carreno-marilyn-boror-y-claudia-martinez-garay-sobre-tierra-de-nadie\/"},"modified":"2025-11-03T13:40:19","modified_gmt":"2025-11-03T16:40:19","slug":"gaston-carreno-marilyn-boror-y-claudia-martinez-garay-sobre-tierra-de-nadie","status":"publish","type":"video","link":"https:\/\/www.ilposto.cl\/en\/video\/gaston-carreno-marilyn-boror-y-claudia-martinez-garay-sobre-tierra-de-nadie\/","title":{"rendered":"Gast\u00f3n Carre\u00f1o, Marilyn Boror, and Claudia Mart\u00ednez Garay on \u201cNo Man&#8217;s Land\u201d"},"content":{"rendered":"","protected":false},"excerpt":{"rendered":"<p>On December 19, 2024, we held an online conference on the recent exhibition \u201cNo Man&#8217;s Land\u201d on display at our gallery in Vitacura. For this occasion, we invited academic Gast\u00f3n Carre\u00f1o and visual artists Marylin Boror and Claudia Mart\u00ednez Garay to discuss their works featured in the \u201cCirculations\u201d section of the exhibition. <\/p>\n<p>Claudia Mart\u00ednez and Marylin Boror work with different media and techniques, raising questions about identity, the circulation of indigenous art in contemporary contexts, the body, and Latin American territory.<\/p>\n<p>Gast\u00f3n Carre\u00f1o holds a PhD and Master&#8217;s degree in Latin American Studies from the University of Chile and specializes in visual anthropology, the representation of indigenous peoples in images, film, and ethnographic video.<\/p>\n","protected":false},"featured_media":0,"menu_order":0,"template":"","meta":{"_acf_changed":false},"class_list":["post-5293","video","type-video","status-publish","hentry","videos_category-talk"],"acf":[],"yoast_head":"<!-- This site is optimized with the Yoast SEO plugin v26.1.1 - https:\/\/yoast.com\/wordpress\/plugins\/seo\/ -->\n<title>Gast\u00f3n Carre\u00f1o, Marilyn Boror, and Claudia Mart\u00ednez Garay on \u201cNo Man&#039;s Land\u201d - IL Posto<\/title>\n<meta name=\"robots\" content=\"index, follow, max-snippet:-1, max-image-preview:large, max-video-preview:-1\" \/>\n<link rel=\"canonical\" href=\"https:\/\/www.ilposto.cl\/en\/video\/gaston-carreno-marilyn-boror-y-claudia-martinez-garay-sobre-tierra-de-nadie\/\" \/>\n<meta property=\"og:locale\" content=\"en_US\" \/>\n<meta property=\"og:type\" content=\"article\" \/>\n<meta property=\"og:title\" content=\"Gast\u00f3n Carre\u00f1o, Marilyn Boror, and Claudia Mart\u00ednez Garay on \u201cNo Man&#039;s Land\u201d - IL Posto\" \/>\n<meta property=\"og:description\" content=\"On December 19, 2024, we held an online conference on the recent exhibition \u201cNo Man&#039;s Land\u201d on display at our gallery in Vitacura. For this occasion, we invited academic Gast\u00f3n Carre\u00f1o and visual artists Marylin Boror and Claudia Mart\u00ednez Garay to discuss their works featured in the \u201cCirculations\u201d section of the exhibition.   Claudia Mart\u00ednez and Marylin Boror work with different media and techniques, raising questions about identity, the circulation of indigenous art in contemporary contexts, the body, and Latin American territory.  Gast\u00f3n Carre\u00f1o holds a PhD and Master&#039;s degree in Latin American Studies from the University of Chile and specializes in visual anthropology, the representation of indigenous peoples in images, film, and ethnographic video.\" \/>\n<meta property=\"og:url\" content=\"https:\/\/www.ilposto.cl\/en\/video\/gaston-carreno-marilyn-boror-y-claudia-martinez-garay-sobre-tierra-de-nadie\/\" \/>\n<meta property=\"og:site_name\" content=\"IL Posto\" \/>\n<meta property=\"article:modified_time\" content=\"2025-11-03T16:40:19+00:00\" \/>\n<meta name=\"twitter:card\" content=\"summary_large_image\" \/>\n<script type=\"application\/ld+json\" class=\"yoast-schema-graph\">{\"@context\":\"https:\/\/schema.org\",\"@graph\":[{\"@type\":\"WebPage\",\"@id\":\"https:\/\/www.ilposto.cl\/en\/video\/gaston-carreno-marilyn-boror-y-claudia-martinez-garay-sobre-tierra-de-nadie\/\",\"url\":\"https:\/\/www.ilposto.cl\/en\/video\/gaston-carreno-marilyn-boror-y-claudia-martinez-garay-sobre-tierra-de-nadie\/\",\"name\":\"Gast\u00f3n Carre\u00f1o, Marilyn Boror, and Claudia Mart\u00ednez Garay on \u201cNo Man's Land\u201d - IL Posto\",\"isPartOf\":{\"@id\":\"https:\/\/www.ilposto.cl\/en\/#website\"},\"datePublished\":\"2025-01-09T16:44:58+00:00\",\"dateModified\":\"2025-11-03T16:40:19+00:00\",\"breadcrumb\":{\"@id\":\"https:\/\/www.ilposto.cl\/en\/video\/gaston-carreno-marilyn-boror-y-claudia-martinez-garay-sobre-tierra-de-nadie\/#breadcrumb\"},\"inLanguage\":\"en-US\",\"potentialAction\":[{\"@type\":\"ReadAction\",\"target\":[\"https:\/\/www.ilposto.cl\/en\/video\/gaston-carreno-marilyn-boror-y-claudia-martinez-garay-sobre-tierra-de-nadie\/\"]}]},{\"@type\":\"BreadcrumbList\",\"@id\":\"https:\/\/www.ilposto.cl\/en\/video\/gaston-carreno-marilyn-boror-y-claudia-martinez-garay-sobre-tierra-de-nadie\/#breadcrumb\",\"itemListElement\":[{\"@type\":\"ListItem\",\"position\":1,\"name\":\"Portada\",\"item\":\"https:\/\/www.ilposto.cl\/en\/\"},{\"@type\":\"ListItem\",\"position\":2,\"name\":\"Gast\u00f3n Carre\u00f1o, Marilyn Boror, and Claudia Mart\u00ednez Garay on \u201cNo Man&#8217;s Land\u201d\"}]},{\"@type\":\"WebSite\",\"@id\":\"https:\/\/www.ilposto.cl\/en\/#website\",\"url\":\"https:\/\/www.ilposto.cl\/en\/\",\"name\":\"IL Posto\",\"description\":\"Another Wordpress site\",\"potentialAction\":[{\"@type\":\"SearchAction\",\"target\":{\"@type\":\"EntryPoint\",\"urlTemplate\":\"https:\/\/www.ilposto.cl\/en\/?s={search_term_string}\"},\"query-input\":{\"@type\":\"PropertyValueSpecification\",\"valueRequired\":true,\"valueName\":\"search_term_string\"}}],\"inLanguage\":\"en-US\"}]}<\/script>\n<!-- \/ Yoast SEO plugin. -->","yoast_head_json":{"title":"Gast\u00f3n Carre\u00f1o, Marilyn Boror, and Claudia Mart\u00ednez Garay on \u201cNo Man's Land\u201d - IL Posto","robots":{"index":"index","follow":"follow","max-snippet":"max-snippet:-1","max-image-preview":"max-image-preview:large","max-video-preview":"max-video-preview:-1"},"canonical":"https:\/\/www.ilposto.cl\/en\/video\/gaston-carreno-marilyn-boror-y-claudia-martinez-garay-sobre-tierra-de-nadie\/","og_locale":"en_US","og_type":"article","og_title":"Gast\u00f3n Carre\u00f1o, Marilyn Boror, and Claudia Mart\u00ednez Garay on \u201cNo Man's Land\u201d - IL Posto","og_description":"On December 19, 2024, we held an online conference on the recent exhibition \u201cNo Man's Land\u201d on display at our gallery in Vitacura. For this occasion, we invited academic Gast\u00f3n Carre\u00f1o and visual artists Marylin Boror and Claudia Mart\u00ednez Garay to discuss their works featured in the \u201cCirculations\u201d section of the exhibition.   Claudia Mart\u00ednez and Marylin Boror work with different media and techniques, raising questions about identity, the circulation of indigenous art in contemporary contexts, the body, and Latin American territory.  Gast\u00f3n Carre\u00f1o holds a PhD and Master's degree in Latin American Studies from the University of Chile and specializes in visual anthropology, the representation of indigenous peoples in images, film, and ethnographic video.","og_url":"https:\/\/www.ilposto.cl\/en\/video\/gaston-carreno-marilyn-boror-y-claudia-martinez-garay-sobre-tierra-de-nadie\/","og_site_name":"IL Posto","article_modified_time":"2025-11-03T16:40:19+00:00","twitter_card":"summary_large_image","schema":{"@context":"https:\/\/schema.org","@graph":[{"@type":"WebPage","@id":"https:\/\/www.ilposto.cl\/en\/video\/gaston-carreno-marilyn-boror-y-claudia-martinez-garay-sobre-tierra-de-nadie\/","url":"https:\/\/www.ilposto.cl\/en\/video\/gaston-carreno-marilyn-boror-y-claudia-martinez-garay-sobre-tierra-de-nadie\/","name":"Gast\u00f3n Carre\u00f1o, Marilyn Boror, and Claudia Mart\u00ednez Garay on \u201cNo Man's Land\u201d - IL Posto","isPartOf":{"@id":"https:\/\/www.ilposto.cl\/en\/#website"},"datePublished":"2025-01-09T16:44:58+00:00","dateModified":"2025-11-03T16:40:19+00:00","breadcrumb":{"@id":"https:\/\/www.ilposto.cl\/en\/video\/gaston-carreno-marilyn-boror-y-claudia-martinez-garay-sobre-tierra-de-nadie\/#breadcrumb"},"inLanguage":"en-US","potentialAction":[{"@type":"ReadAction","target":["https:\/\/www.ilposto.cl\/en\/video\/gaston-carreno-marilyn-boror-y-claudia-martinez-garay-sobre-tierra-de-nadie\/"]}]},{"@type":"BreadcrumbList","@id":"https:\/\/www.ilposto.cl\/en\/video\/gaston-carreno-marilyn-boror-y-claudia-martinez-garay-sobre-tierra-de-nadie\/#breadcrumb","itemListElement":[{"@type":"ListItem","position":1,"name":"Portada","item":"https:\/\/www.ilposto.cl\/en\/"},{"@type":"ListItem","position":2,"name":"Gast\u00f3n Carre\u00f1o, Marilyn Boror, and Claudia Mart\u00ednez Garay on \u201cNo Man&#8217;s Land\u201d"}]},{"@type":"WebSite","@id":"https:\/\/www.ilposto.cl\/en\/#website","url":"https:\/\/www.ilposto.cl\/en\/","name":"IL Posto","description":"Another Wordpress site","potentialAction":[{"@type":"SearchAction","target":{"@type":"EntryPoint","urlTemplate":"https:\/\/www.ilposto.cl\/en\/?s={search_term_string}"},"query-input":{"@type":"PropertyValueSpecification","valueRequired":true,"valueName":"search_term_string"}}],"inLanguage":"en-US"}]}},"_links":{"self":[{"href":"https:\/\/www.ilposto.cl\/en\/wp-json\/wp\/v2\/video\/5293","targetHints":{"allow":["GET"]}}],"collection":[{"href":"https:\/\/www.ilposto.cl\/en\/wp-json\/wp\/v2\/video"}],"about":[{"href":"https:\/\/www.ilposto.cl\/en\/wp-json\/wp\/v2\/types\/video"}],"wp:attachment":[{"href":"https:\/\/www.ilposto.cl\/en\/wp-json\/wp\/v2\/media?parent=5293"}],"curies":[{"name":"wp","href":"https:\/\/api.w.org\/{rel}","templated":true}]}}